{"id":472,"date":"2024-09-13T14:06:21","date_gmt":"2024-09-13T17:06:21","guid":{"rendered":"https:\/\/reservacultural.com.br\/niteroi_\/?page_id=472"},"modified":"2025-04-23T14:45:35","modified_gmt":"2025-04-23T17:45:35","slug":"brasserie-reserva","status":"publish","type":"page","link":"https:\/\/reservacultural.com.br\/niteroi\/gastronomia\/brasserie-reserva\/","title":{"rendered":"Brasserie Reserva"},"content":{"rendered":"\t\t<div data-elementor-type=\"wp-page\" data-elementor-id=\"472\" class=\"elementor elementor-472\" data-elementor-post-type=\"page\">\n\t\t\t\t<div class=\"elementor-element elementor-element-c6193f8 e-flex e-con-boxed e-con e-parent\" data-id=\"c6193f8\" data-element_type=\"container\" data-e-type=\"container\" data-settings=\"{&quot;background_background&quot;:&quot;classic&quot;}\">\n\t\t\t\t\t<div class=\"e-con-inner\">\n\t\t\t\t<div class=\"elementor-element elementor-element-98e416e elementor-absolute elementor-hidden-mobile aria-hidden-image elementor-widget elementor-widget-image\" data-id=\"98e416e\" data-element_type=\"widget\" data-e-type=\"widget\" data-settings=\"{&quot;_position&quot;:&quot;absolute&quot;}\" data-widget_type=\"image.default\">\n\t\t\t\t<div class=\"elementor-widget-container\">\n\t\t\t\t\t\t\t\t\t\t\t\t\t\t\t<img fetchpriority=\"high\" decoding=\"async\" width=\"843\" height=\"413\" src=\"https:\/\/reservacultural.com.br\/niteroi\/wp-content\/uploads\/2024\/09\/prato-1.png\" class=\"attachment-full size-full wp-image-477\" alt=\"prato 1\" srcset=\"https:\/\/reservacultural.com.br\/niteroi\/wp-content\/uploads\/2024\/09\/prato-1.png 843w, https:\/\/reservacultural.com.br\/niteroi\/wp-content\/uploads\/2024\/09\/prato-1-300x147.png 300w, https:\/\/reservacultural.com.br\/niteroi\/wp-content\/uploads\/2024\/09\/prato-1-768x376.png 768w\" sizes=\"(max-width: 843px) 100vw, 843px\" \/>\t\t\t\t\t\t\t\t\t\t\t\t\t\t\t<\/div>\n\t\t\t\t<\/div>\n\t\t<div class=\"elementor-element elementor-element-bf5bdc2 e-con-full elementor-hidden-mobile e-flex e-con e-child\" data-id=\"bf5bdc2\" data-element_type=\"container\" data-e-type=\"container\">\n\t\t\t\t<\/div>\n\t\t<div class=\"elementor-element elementor-element-60c173b e-con-full e-flex e-con e-child\" data-id=\"60c173b\" data-element_type=\"container\" data-e-type=\"container\">\n\t\t\t\t<div class=\"elementor-element elementor-element-1be70f2 elementor-widget elementor-widget-menu-anchor\" data-id=\"1be70f2\" data-element_type=\"widget\" data-e-type=\"widget\" data-widget_type=\"menu-anchor.default\">\n\t\t\t\t<div class=\"elementor-widget-container\">\n\t\t\t\t\t\t\t<div class=\"elementor-menu-anchor\" id=\"conteudo\"><\/div>\n\t\t\t\t\t\t<\/div>\n\t\t\t\t<\/div>\n\t\t\t\t<div class=\"elementor-element elementor-element-04f9307 elementor-widget elementor-widget-heading\" data-id=\"04f9307\" data-element_type=\"widget\" data-e-type=\"widget\" data-widget_type=\"heading.default\">\n\t\t\t\t<div class=\"elementor-widget-container\">\n\t\t\t\t\t<h2 class=\"elementor-heading-title elementor-size-default\">Brasserie Reserva<\/h2>\t\t\t\t<\/div>\n\t\t\t\t<\/div>\n\t\t\t\t<div class=\"elementor-element elementor-element-c43bf5a elementor-widget elementor-widget-text-editor\" data-id=\"c43bf5a\" data-element_type=\"widget\" data-e-type=\"widget\" data-widget_type=\"text-editor.default\">\n\t\t\t\t<div class=\"elementor-widget-container\">\n\t\t\t\t\t\t\t\t\t<p>Delicie-se com o que h\u00e1 de melhor da <b>cozinha Franco-Brasileira<\/b><\/p>\t\t\t\t\t\t\t\t<\/div>\n\t\t\t\t<\/div>\n\t\t\t\t<div class=\"elementor-element elementor-element-fd03e11 elementor-align-right elementor-widget elementor-widget-button\" data-id=\"fd03e11\" data-element_type=\"widget\" data-e-type=\"widget\" data-widget_type=\"button.default\">\n\t\t\t\t<div class=\"elementor-widget-container\">\n\t\t\t\t\t\t\t\t\t<div class=\"elementor-button-wrapper\">\n\t\t\t\t\t<a class=\"elementor-button elementor-button-link elementor-size-sm\" href=\"https:\/\/wa.me\/5521985017814\">\n\t\t\t\t\t\t<span class=\"elementor-button-content-wrapper\">\n\t\t\t\t\t\t\t\t\t<span class=\"elementor-button-text\">Fa\u00e7a sua reserva<\/span>\n\t\t\t\t\t<\/span>\n\t\t\t\t\t<\/a>\n\t\t\t\t<\/div>\n\t\t\t\t\t\t\t\t<\/div>\n\t\t\t\t<\/div>\n\t\t\t\t<div class=\"elementor-element elementor-element-5a29e4b elementor-widget__width-initial elementor-widget elementor-widget-text-editor\" data-id=\"5a29e4b\" data-element_type=\"widget\" data-e-type=\"widget\" data-widget_type=\"text-editor.default\">\n\t\t\t\t<div class=\"elementor-widget-container\">\n\t\t\t\t\t\t\t\t\t<p>Aberto diariamente a partir das <strong>12h <br \/><\/strong><\/p>\t\t\t\t\t\t\t\t<\/div>\n\t\t\t\t<\/div>\n\t\t\t\t<\/div>\n\t\t\t\t\t<\/div>\n\t\t\t\t<\/div>\n\t\t<div class=\"elementor-element elementor-element-6fd66ee e-flex e-con-boxed e-con e-parent\" data-id=\"6fd66ee\" data-element_type=\"container\" data-e-type=\"container\">\n\t\t\t\t\t<div class=\"e-con-inner\">\n\t\t<div class=\"elementor-element elementor-element-12c3445 e-con-full e-flex e-con e-child\" data-id=\"12c3445\" data-element_type=\"container\" data-e-type=\"container\">\n\t\t<div class=\"elementor-element elementor-element-1ec4c0b e-con-full e-flex e-con e-child\" data-id=\"1ec4c0b\" data-element_type=\"container\" data-e-type=\"container\" data-settings=\"{&quot;background_background&quot;:&quot;classic&quot;}\">\n\t\t\t\t<div class=\"elementor-element elementor-element-93541c7 elementor-hidden-desktop elementor-hidden-tablet elementor-hidden-mobile aria-hidden-image elementor-widget elementor-widget-image\" data-id=\"93541c7\" data-element_type=\"widget\" data-e-type=\"widget\" data-widget_type=\"image.default\">\n\t\t\t\t<div class=\"elementor-widget-container\">\n\t\t\t\t\t\t\t\t\t\t\t\t\t\t\t<img fetchpriority=\"high\" decoding=\"async\" width=\"843\" height=\"413\" src=\"https:\/\/reservacultural.com.br\/niteroi\/wp-content\/uploads\/2024\/09\/prato-1.png\" class=\"attachment-full size-full wp-image-477\" alt=\"prato 1\" srcset=\"https:\/\/reservacultural.com.br\/niteroi\/wp-content\/uploads\/2024\/09\/prato-1.png 843w, https:\/\/reservacultural.com.br\/niteroi\/wp-content\/uploads\/2024\/09\/prato-1-300x147.png 300w, https:\/\/reservacultural.com.br\/niteroi\/wp-content\/uploads\/2024\/09\/prato-1-768x376.png 768w\" sizes=\"(max-width: 843px) 100vw, 843px\" \/>\t\t\t\t\t\t\t\t\t\t\t\t\t\t\t<\/div>\n\t\t\t\t<\/div>\n\t\t\t\t<div class=\"elementor-element elementor-element-d064992 elementor-widget elementor-widget-heading\" data-id=\"d064992\" data-element_type=\"widget\" data-e-type=\"widget\" data-widget_type=\"heading.default\">\n\t\t\t\t<div class=\"elementor-widget-container\">\n\t\t\t\t\t<h3 class=\"elementor-heading-title elementor-size-default\">Delicie-se com o que h\u00e1 de melhor da cozinha Franco-Brasileira<\/h3>\t\t\t\t<\/div>\n\t\t\t\t<\/div>\n\t\t\t\t<div class=\"elementor-element elementor-element-262d06c elementor-widget elementor-widget-text-editor\" data-id=\"262d06c\" data-element_type=\"widget\" data-e-type=\"widget\" data-widget_type=\"text-editor.default\">\n\t\t\t\t<div class=\"elementor-widget-container\">\n\t\t\t\t\t\t\t\t\t<p>Brasserie Reserva, a primeira brasserie franco-brasileira da cidade. Pre\u00e7os convidativos para os pratos cl\u00e1ssicos da culin\u00e1ria francesa e nacional. Ideal para almo\u00e7o de neg\u00f3cios. Perfeito para o lazer com a fam\u00edlia, o happy-hour, jantar e para petiscar antes ou depois do cinema. E ainda o sucesso da temporada, o exclusivo Ch\u00e1 da Tarde.<\/p><p>Nas quartas, quintas e sextas, Pian\u00edssimo Jazz, o melhor do Jazz e da Bossa Nova no piano ac\u00fastico solo nas m\u00e3os de grandes instrumentistas, como Kiko Continentino, integrante do Azymuth. Sempre a partir das 19hs.<\/p>\t\t\t\t\t\t\t\t<\/div>\n\t\t\t\t<\/div>\n\t\t\t\t<div class=\"elementor-element elementor-element-a60b7fb elementor-widget elementor-widget-heading\" data-id=\"a60b7fb\" data-element_type=\"widget\" data-e-type=\"widget\" data-widget_type=\"heading.default\">\n\t\t\t\t<div class=\"elementor-widget-container\">\n\t\t\t\t\t<h3 class=\"elementor-heading-title elementor-size-default\">Servi\u00e7os e Reservas<\/h3>\t\t\t\t<\/div>\n\t\t\t\t<\/div>\n\t\t\t\t<div class=\"elementor-element elementor-element-249ea74 elementor-widget elementor-widget-text-editor\" data-id=\"249ea74\" data-element_type=\"widget\" data-e-type=\"widget\" data-widget_type=\"text-editor.default\">\n\t\t\t\t<div class=\"elementor-widget-container\">\n\t\t\t\t\t\t\t\t\t<ul><li style=\"font-weight: 400;\" aria-level=\"1\"><span style=\"font-weight: 400;\">Entre em contato pelo <a href=\"https:\/\/wa.me\/5521985017814\"><span style=\"text-decoration: underline;\">WhatsApp 21 98501-7814<\/span><\/a><\/span><\/li><\/ul>\t\t\t\t\t\t\t\t<\/div>\n\t\t\t\t<\/div>\n\t\t\t\t<div class=\"elementor-element elementor-element-2183cbb elementor-widget elementor-widget-heading\" data-id=\"2183cbb\" data-element_type=\"widget\" data-e-type=\"widget\" data-widget_type=\"heading.default\">\n\t\t\t\t<div class=\"elementor-widget-container\">\n\t\t\t\t\t<h3 class=\"elementor-heading-title elementor-size-default\">Hor\u00e1rio de Funcionamento<\/h3>\t\t\t\t<\/div>\n\t\t\t\t<\/div>\n\t\t\t\t<div class=\"elementor-element elementor-element-f33e521 elementor-widget elementor-widget-text-editor\" data-id=\"f33e521\" data-element_type=\"widget\" data-e-type=\"widget\" data-widget_type=\"text-editor.default\">\n\t\t\t\t<div class=\"elementor-widget-container\">\n\t\t\t\t\t\t\t\t\t<ul><li style=\"font-weight: 400;\" aria-level=\"2\">Diariamente a partir das 12h at\u00e9 o \u00faltimo cliente.<\/li><\/ul>\t\t\t\t\t\t\t\t<\/div>\n\t\t\t\t<\/div>\n\t\t\t\t<div class=\"elementor-element elementor-element-d2f4676 elementor-widget elementor-widget-heading\" data-id=\"d2f4676\" data-element_type=\"widget\" data-e-type=\"widget\" data-widget_type=\"heading.default\">\n\t\t\t\t<div class=\"elementor-widget-container\">\n\t\t\t\t\t<h3 class=\"elementor-heading-title elementor-size-default\">Endere\u00e7o<\/h3>\t\t\t\t<\/div>\n\t\t\t\t<\/div>\n\t\t\t\t<div class=\"elementor-element elementor-element-a5956d9 elementor-widget elementor-widget-text-editor\" data-id=\"a5956d9\" data-element_type=\"widget\" data-e-type=\"widget\" data-widget_type=\"text-editor.default\">\n\t\t\t\t<div class=\"elementor-widget-container\">\n\t\t\t\t\t\t\t\t\t<ul><li style=\"font-weight: 400;\" aria-level=\"1\">Av. Visconde do Rio Branco, 880 &#8211; CEP 24020-007 &#8211; Bairro S\u00e3o Domingos &#8211; Niter\u00f3i\/RJ<\/li><\/ul>\t\t\t\t\t\t\t\t<\/div>\n\t\t\t\t<\/div>\n\t\t\t\t<div class=\"elementor-element elementor-element-991cb49 elementor-widget elementor-widget-heading\" data-id=\"991cb49\" data-element_type=\"widget\" data-e-type=\"widget\" data-widget_type=\"heading.default\">\n\t\t\t\t<div class=\"elementor-widget-container\">\n\t\t\t\t\t<h3 class=\"elementor-heading-title elementor-size-default\">Informa\u00e7\u00f5es Adicionais<\/h3>\t\t\t\t<\/div>\n\t\t\t\t<\/div>\n\t\t\t\t<div class=\"elementor-element elementor-element-7aed3b7 elementor-widget elementor-widget-text-editor\" data-id=\"7aed3b7\" data-element_type=\"widget\" data-e-type=\"widget\" data-widget_type=\"text-editor.default\">\n\t\t\t\t<div class=\"elementor-widget-container\">\n\t\t\t\t\t\t\t\t\t<ul><li style=\"font-weight: 400;\" aria-level=\"1\">A agenda das apresenta\u00e7\u00f5es \u00e9 confirmada semanalmente, confira pelo telefone (21) 98501-7814.\u00a0<\/li><\/ul><p><span style=\"font-weight: 400;\">Venha nos visitar e desfrute de uma experi\u00eancia gastron\u00f4mica. Estamos animados para lhe receber!<\/span><\/p><div>\u00a0<\/div>\t\t\t\t\t\t\t\t<\/div>\n\t\t\t\t<\/div>\n\t\t\t\t<\/div>\n\t\t\t\t<\/div>\n\t\t\t\t\t<\/div>\n\t\t\t\t<\/div>\n\t\t<div class=\"elementor-element elementor-element-7df3a00 e-flex e-con-boxed e-con e-parent\" data-id=\"7df3a00\" data-element_type=\"container\" data-e-type=\"container\" data-settings=\"{&quot;background_background&quot;:&quot;classic&quot;}\">\n\t\t\t\t\t<div class=\"e-con-inner\">\n\t\t\t\t<div class=\"elementor-element elementor-element-c4a0004 elementor-absolute aria-hidden-image elementor-widget elementor-widget-image\" data-id=\"c4a0004\" data-element_type=\"widget\" data-e-type=\"widget\" data-settings=\"{&quot;_position&quot;:&quot;absolute&quot;}\" data-widget_type=\"image.default\">\n\t\t\t\t<div class=\"elementor-widget-container\">\n\t\t\t\t\t\t\t\t\t\t\t\t\t\t\t<img decoding=\"async\" width=\"347\" height=\"351\" src=\"https:\/\/reservacultural.com.br\/niteroi\/wp-content\/uploads\/2024\/09\/steak-tartare-1.png\" class=\"attachment-large size-large wp-image-535\" alt=\"steak-tartare 1\" srcset=\"https:\/\/reservacultural.com.br\/niteroi\/wp-content\/uploads\/2024\/09\/steak-tartare-1.png 347w, https:\/\/reservacultural.com.br\/niteroi\/wp-content\/uploads\/2024\/09\/steak-tartare-1-297x300.png 297w\" sizes=\"(max-width: 347px) 100vw, 347px\" \/>\t\t\t\t\t\t\t\t\t\t\t\t\t\t\t<\/div>\n\t\t\t\t<\/div>\n\t\t\t\t<div class=\"elementor-element elementor-element-7cf0f87 elementor-widget elementor-widget-heading\" data-id=\"7cf0f87\" data-element_type=\"widget\" data-e-type=\"widget\" data-widget_type=\"heading.default\">\n\t\t\t\t<div class=\"elementor-widget-container\">\n\t\t\t\t\t<div class=\"elementor-heading-title elementor-size-default\"><a href=\"https:\/\/reservacultural.com.br\/niteroi\/wp-content\/uploads\/2025\/04\/CARDAPIO-brasserie-NIT.pdf\"><b>Mais informa\u00e7\u00f5es<\/b> sobre nosso <b>menu<\/b><\/a><\/div>\t\t\t\t<\/div>\n\t\t\t\t<\/div>\n\t\t\t\t\t<\/div>\n\t\t\t\t<\/div>\n\t\t<div class=\"elementor-element elementor-element-f454d47 e-flex e-con-boxed e-con e-parent\" data-id=\"f454d47\" data-element_type=\"container\" data-e-type=\"container\">\n\t\t\t\t\t<div class=\"e-con-inner\">\n\t\t<div class=\"elementor-element elementor-element-0e58d56 e-con-full e-flex e-con e-child\" data-id=\"0e58d56\" data-element_type=\"container\" data-e-type=\"container\" data-settings=\"{&quot;background_background&quot;:&quot;classic&quot;}\">\n\t\t\t\t<div class=\"elementor-element elementor-element-3c504e9 elementor-widget elementor-widget-gallery\" data-id=\"3c504e9\" data-element_type=\"widget\" data-e-type=\"widget\" data-settings=\"{&quot;columns&quot;:2,&quot;aspect_ratio&quot;:&quot;16:9&quot;,&quot;lazyload&quot;:&quot;yes&quot;,&quot;gallery_layout&quot;:&quot;grid&quot;,&quot;columns_tablet&quot;:2,&quot;columns_mobile&quot;:1,&quot;gap&quot;:{&quot;unit&quot;:&quot;px&quot;,&quot;size&quot;:10,&quot;sizes&quot;:[]},&quot;gap_tablet&quot;:{&quot;unit&quot;:&quot;px&quot;,&quot;size&quot;:10,&quot;sizes&quot;:[]},&quot;gap_mobile&quot;:{&quot;unit&quot;:&quot;px&quot;,&quot;size&quot;:10,&quot;sizes&quot;:[]}}\" data-widget_type=\"gallery.default\">\n\t\t\t\t<div class=\"elementor-widget-container\">\n\t\t\t\t\t\t\t<div class=\"elementor-gallery__container\">\n\t\t\t\t\t\t\t<div class=\"e-gallery-item elementor-gallery-item\">\n\t\t\t\t\t<div class=\"e-gallery-image elementor-gallery-item__image\" data-thumbnail=\"https:\/\/reservacultural.com.br\/niteroi\/wp-content\/uploads\/2025\/02\/img-2494-768x260.jpg\" data-width=\"768\" data-height=\"260\" aria-label=\"Sal\u00e3o\" role=\"img\" ><\/div>\n\t\t\t\t\t\t\t\t\t\t\t\t\t\t<\/div>\n\t\t\t\t\t\t\t<div class=\"e-gallery-item elementor-gallery-item\">\n\t\t\t\t\t<div class=\"e-gallery-image elementor-gallery-item__image\" data-thumbnail=\"https:\/\/reservacultural.com.br\/niteroi\/wp-content\/uploads\/2025\/02\/whatsapp-image-2020-07-23-at-175358-1-768x576.jpeg\" data-width=\"768\" data-height=\"576\" aria-label=\"Vista da \u00e1rea externa\" role=\"img\" ><\/div>\n\t\t\t\t\t\t\t\t\t\t\t\t\t\t<\/div>\n\t\t\t\t\t<\/div>\n\t\t\t\t\t<\/div>\n\t\t\t\t<\/div>\n\t\t\t\t<\/div>\n\t\t\t\t\t<\/div>\n\t\t\t\t<\/div>\n\t\t<div class=\"elementor-element elementor-element-b798560 e-flex e-con-boxed e-con e-parent\" data-id=\"b798560\" data-element_type=\"container\" data-e-type=\"container\" data-settings=\"{&quot;background_background&quot;:&quot;classic&quot;}\">\n\t\t\t\t\t<div class=\"e-con-inner\">\n\t\t<div class=\"elementor-element elementor-element-2a3e1eb e-con-full e-flex e-con e-child\" data-id=\"2a3e1eb\" data-element_type=\"container\" data-e-type=\"container\" data-settings=\"{&quot;background_background&quot;:&quot;classic&quot;}\">\n\t\t\t\t<\/div>\n\t\t\t\t\t<\/div>\n\t\t\t\t<\/div>\n\t\t\t\t<\/div>\n\t\t","protected":false},"excerpt":{"rendered":"<p>Brasserie Reserva Delicie-se com o que h\u00e1 de melhor da cozinha Franco-Brasileira Fa\u00e7a sua reserva Aberto diariamente a partir das 12h Delicie-se com o que h\u00e1 de melhor da cozinha Franco-Brasileira Brasserie Reserva, a primeira brasserie franco-brasileira da cidade. Pre\u00e7os convidativos para os pratos cl\u00e1ssicos da culin\u00e1ria francesa e nacional. Ideal para almo\u00e7o de neg\u00f3cios. [&hellip;]<\/p>\n","protected":false},"author":1,"featured_media":0,"parent":1076,"menu_order":0,"comment_status":"closed","ping_status":"closed","template":"","meta":{"_acf_changed":false,"footnotes":""},"class_list":["post-472","page","type-page","status-publish","hentry"],"acf":[],"yoast_head":"<!-- This site is optimized with the Yoast SEO plugin v27.4 - https:\/\/yoast.com\/product\/yoast-seo-wordpress\/ -->\n<title>Brasserie Reserva - Cinema Reserva Cultural<\/title>\n<meta name=\"robots\" content=\"index, follow, max-snippet:-1, max-image-preview:large, max-video-preview:-1\" \/>\n<link rel=\"canonical\" href=\"https:\/\/reservacultural.com.br\/niteroi\/gastronomia\/brasserie-reserva\/\" \/>\n<meta property=\"og:locale\" content=\"pt_BR\" \/>\n<meta property=\"og:type\" content=\"article\" \/>\n<meta property=\"og:title\" content=\"Brasserie Reserva - Cinema Reserva Cultural\" \/>\n<meta property=\"og:description\" content=\"Brasserie Reserva Delicie-se com o que h\u00e1 de melhor da cozinha Franco-Brasileira Fa\u00e7a sua reserva Aberto diariamente a partir das 12h Delicie-se com o que h\u00e1 de melhor da cozinha Franco-Brasileira Brasserie Reserva, a primeira brasserie franco-brasileira da cidade. Pre\u00e7os convidativos para os pratos cl\u00e1ssicos da culin\u00e1ria francesa e nacional. Ideal para almo\u00e7o de neg\u00f3cios. [&hellip;]\" \/>\n<meta property=\"og:url\" content=\"https:\/\/reservacultural.com.br\/niteroi\/gastronomia\/brasserie-reserva\/\" \/>\n<meta property=\"og:site_name\" content=\"Cinema Reserva Cultural\" \/>\n<meta property=\"article:modified_time\" content=\"2025-04-23T17:45:35+00:00\" \/>\n<meta property=\"og:image\" content=\"https:\/\/reservacultural.com.br\/niteroi\/wp-content\/uploads\/2024\/09\/prato-1.png\" \/>\n<meta name=\"twitter:card\" content=\"summary_large_image\" \/>\n<meta name=\"twitter:label1\" content=\"Est. tempo de leitura\" \/>\n\t<meta name=\"twitter:data1\" content=\"2 minutos\" \/>\n<script type=\"application\/ld+json\" class=\"yoast-schema-graph\">{\"@context\":\"https:\\\/\\\/schema.org\",\"@graph\":[{\"@type\":\"WebPage\",\"@id\":\"https:\\\/\\\/reservacultural.com.br\\\/niteroi\\\/gastronomia\\\/brasserie-reserva\\\/\",\"url\":\"https:\\\/\\\/reservacultural.com.br\\\/niteroi\\\/gastronomia\\\/brasserie-reserva\\\/\",\"name\":\"Brasserie Reserva - Cinema Reserva Cultural\",\"isPartOf\":{\"@id\":\"https:\\\/\\\/reservacultural.com.br\\\/niteroi\\\/#website\"},\"primaryImageOfPage\":{\"@id\":\"https:\\\/\\\/reservacultural.com.br\\\/niteroi\\\/gastronomia\\\/brasserie-reserva\\\/#primaryimage\"},\"image\":{\"@id\":\"https:\\\/\\\/reservacultural.com.br\\\/niteroi\\\/gastronomia\\\/brasserie-reserva\\\/#primaryimage\"},\"thumbnailUrl\":\"https:\\\/\\\/reservacultural.com.br\\\/niteroi\\\/wp-content\\\/uploads\\\/2024\\\/09\\\/prato-1.png\",\"datePublished\":\"2024-09-13T17:06:21+00:00\",\"dateModified\":\"2025-04-23T17:45:35+00:00\",\"breadcrumb\":{\"@id\":\"https:\\\/\\\/reservacultural.com.br\\\/niteroi\\\/gastronomia\\\/brasserie-reserva\\\/#breadcrumb\"},\"inLanguage\":\"pt-BR\",\"potentialAction\":[{\"@type\":\"ReadAction\",\"target\":[\"https:\\\/\\\/reservacultural.com.br\\\/niteroi\\\/gastronomia\\\/brasserie-reserva\\\/\"]}]},{\"@type\":\"ImageObject\",\"inLanguage\":\"pt-BR\",\"@id\":\"https:\\\/\\\/reservacultural.com.br\\\/niteroi\\\/gastronomia\\\/brasserie-reserva\\\/#primaryimage\",\"url\":\"https:\\\/\\\/reservacultural.com.br\\\/niteroi\\\/wp-content\\\/uploads\\\/2024\\\/09\\\/prato-1.png\",\"contentUrl\":\"https:\\\/\\\/reservacultural.com.br\\\/niteroi\\\/wp-content\\\/uploads\\\/2024\\\/09\\\/prato-1.png\",\"width\":843,\"height\":413,\"caption\":\"prato 1\"},{\"@type\":\"BreadcrumbList\",\"@id\":\"https:\\\/\\\/reservacultural.com.br\\\/niteroi\\\/gastronomia\\\/brasserie-reserva\\\/#breadcrumb\",\"itemListElement\":[{\"@type\":\"ListItem\",\"position\":1,\"name\":\"In\u00edcio\",\"item\":\"https:\\\/\\\/reservacultural.com.br\\\/niteroi\\\/\"},{\"@type\":\"ListItem\",\"position\":2,\"name\":\"Gastronomia\",\"item\":\"https:\\\/\\\/reservacultural.com.br\\\/niteroi\\\/gastronomia\\\/\"},{\"@type\":\"ListItem\",\"position\":3,\"name\":\"Brasserie Reserva\"}]},{\"@type\":\"WebSite\",\"@id\":\"https:\\\/\\\/reservacultural.com.br\\\/niteroi\\\/#website\",\"url\":\"https:\\\/\\\/reservacultural.com.br\\\/niteroi\\\/\",\"name\":\"Cinema Reserva Cultural\",\"description\":\"Filmes, gastronomia e Eventos\",\"publisher\":{\"@id\":\"https:\\\/\\\/reservacultural.com.br\\\/niteroi\\\/#organization\"},\"potentialAction\":[{\"@type\":\"SearchAction\",\"target\":{\"@type\":\"EntryPoint\",\"urlTemplate\":\"https:\\\/\\\/reservacultural.com.br\\\/niteroi\\\/?s={search_term_string}\"},\"query-input\":{\"@type\":\"PropertyValueSpecification\",\"valueRequired\":true,\"valueName\":\"search_term_string\"}}],\"inLanguage\":\"pt-BR\"},{\"@type\":\"Organization\",\"@id\":\"https:\\\/\\\/reservacultural.com.br\\\/niteroi\\\/#organization\",\"name\":\"Cinema Reserva Cultural\",\"url\":\"https:\\\/\\\/reservacultural.com.br\\\/niteroi\\\/\",\"logo\":{\"@type\":\"ImageObject\",\"inLanguage\":\"pt-BR\",\"@id\":\"https:\\\/\\\/reservacultural.com.br\\\/niteroi\\\/#\\\/schema\\\/logo\\\/image\\\/\",\"url\":\"https:\\\/\\\/reservacultural.com.br\\\/niteroi_\\\/wp-content\\\/uploads\\\/2024\\\/07\\\/Captura-de-Tela-2024-04-18-as-14.07-1.jpg\",\"contentUrl\":\"https:\\\/\\\/reservacultural.com.br\\\/niteroi_\\\/wp-content\\\/uploads\\\/2024\\\/07\\\/Captura-de-Tela-2024-04-18-as-14.07-1.jpg\",\"width\":274,\"height\":96,\"caption\":\"Cinema Reserva Cultural\"},\"image\":{\"@id\":\"https:\\\/\\\/reservacultural.com.br\\\/niteroi\\\/#\\\/schema\\\/logo\\\/image\\\/\"}}]}<\/script>\n<!-- \/ Yoast SEO plugin. -->","yoast_head_json":{"title":"Brasserie Reserva - Cinema Reserva Cultural","robots":{"index":"index","follow":"follow","max-snippet":"max-snippet:-1","max-image-preview":"max-image-preview:large","max-video-preview":"max-video-preview:-1"},"canonical":"https:\/\/reservacultural.com.br\/niteroi\/gastronomia\/brasserie-reserva\/","og_locale":"pt_BR","og_type":"article","og_title":"Brasserie Reserva - Cinema Reserva Cultural","og_description":"Brasserie Reserva Delicie-se com o que h\u00e1 de melhor da cozinha Franco-Brasileira Fa\u00e7a sua reserva Aberto diariamente a partir das 12h Delicie-se com o que h\u00e1 de melhor da cozinha Franco-Brasileira Brasserie Reserva, a primeira brasserie franco-brasileira da cidade. Pre\u00e7os convidativos para os pratos cl\u00e1ssicos da culin\u00e1ria francesa e nacional. Ideal para almo\u00e7o de neg\u00f3cios. [&hellip;]","og_url":"https:\/\/reservacultural.com.br\/niteroi\/gastronomia\/brasserie-reserva\/","og_site_name":"Cinema Reserva Cultural","article_modified_time":"2025-04-23T17:45:35+00:00","og_image":[{"url":"https:\/\/reservacultural.com.br\/niteroi\/wp-content\/uploads\/2024\/09\/prato-1.png","type":"","width":"","height":""}],"twitter_card":"summary_large_image","twitter_misc":{"Est. tempo de leitura":"2 minutos"},"schema":{"@context":"https:\/\/schema.org","@graph":[{"@type":"WebPage","@id":"https:\/\/reservacultural.com.br\/niteroi\/gastronomia\/brasserie-reserva\/","url":"https:\/\/reservacultural.com.br\/niteroi\/gastronomia\/brasserie-reserva\/","name":"Brasserie Reserva - Cinema Reserva Cultural","isPartOf":{"@id":"https:\/\/reservacultural.com.br\/niteroi\/#website"},"primaryImageOfPage":{"@id":"https:\/\/reservacultural.com.br\/niteroi\/gastronomia\/brasserie-reserva\/#primaryimage"},"image":{"@id":"https:\/\/reservacultural.com.br\/niteroi\/gastronomia\/brasserie-reserva\/#primaryimage"},"thumbnailUrl":"https:\/\/reservacultural.com.br\/niteroi\/wp-content\/uploads\/2024\/09\/prato-1.png","datePublished":"2024-09-13T17:06:21+00:00","dateModified":"2025-04-23T17:45:35+00:00","breadcrumb":{"@id":"https:\/\/reservacultural.com.br\/niteroi\/gastronomia\/brasserie-reserva\/#breadcrumb"},"inLanguage":"pt-BR","potentialAction":[{"@type":"ReadAction","target":["https:\/\/reservacultural.com.br\/niteroi\/gastronomia\/brasserie-reserva\/"]}]},{"@type":"ImageObject","inLanguage":"pt-BR","@id":"https:\/\/reservacultural.com.br\/niteroi\/gastronomia\/brasserie-reserva\/#primaryimage","url":"https:\/\/reservacultural.com.br\/niteroi\/wp-content\/uploads\/2024\/09\/prato-1.png","contentUrl":"https:\/\/reservacultural.com.br\/niteroi\/wp-content\/uploads\/2024\/09\/prato-1.png","width":843,"height":413,"caption":"prato 1"},{"@type":"BreadcrumbList","@id":"https:\/\/reservacultural.com.br\/niteroi\/gastronomia\/brasserie-reserva\/#breadcrumb","itemListElement":[{"@type":"ListItem","position":1,"name":"In\u00edcio","item":"https:\/\/reservacultural.com.br\/niteroi\/"},{"@type":"ListItem","position":2,"name":"Gastronomia","item":"https:\/\/reservacultural.com.br\/niteroi\/gastronomia\/"},{"@type":"ListItem","position":3,"name":"Brasserie Reserva"}]},{"@type":"WebSite","@id":"https:\/\/reservacultural.com.br\/niteroi\/#website","url":"https:\/\/reservacultural.com.br\/niteroi\/","name":"Cinema Reserva Cultural","description":"Filmes, gastronomia e Eventos","publisher":{"@id":"https:\/\/reservacultural.com.br\/niteroi\/#organization"},"potentialAction":[{"@type":"SearchAction","target":{"@type":"EntryPoint","urlTemplate":"https:\/\/reservacultural.com.br\/niteroi\/?s={search_term_string}"},"query-input":{"@type":"PropertyValueSpecification","valueRequired":true,"valueName":"search_term_string"}}],"inLanguage":"pt-BR"},{"@type":"Organization","@id":"https:\/\/reservacultural.com.br\/niteroi\/#organization","name":"Cinema Reserva Cultural","url":"https:\/\/reservacultural.com.br\/niteroi\/","logo":{"@type":"ImageObject","inLanguage":"pt-BR","@id":"https:\/\/reservacultural.com.br\/niteroi\/#\/schema\/logo\/image\/","url":"https:\/\/reservacultural.com.br\/niteroi_\/wp-content\/uploads\/2024\/07\/Captura-de-Tela-2024-04-18-as-14.07-1.jpg","contentUrl":"https:\/\/reservacultural.com.br\/niteroi_\/wp-content\/uploads\/2024\/07\/Captura-de-Tela-2024-04-18-as-14.07-1.jpg","width":274,"height":96,"caption":"Cinema Reserva Cultural"},"image":{"@id":"https:\/\/reservacultural.com.br\/niteroi\/#\/schema\/logo\/image\/"}}]}},"_links":{"self":[{"href":"https:\/\/reservacultural.com.br\/niteroi\/wp-json\/wp\/v2\/pages\/472","targetHints":{"allow":["GET"]}}],"collection":[{"href":"https:\/\/reservacultural.com.br\/niteroi\/wp-json\/wp\/v2\/pages"}],"about":[{"href":"https:\/\/reservacultural.com.br\/niteroi\/wp-json\/wp\/v2\/types\/page"}],"author":[{"embeddable":true,"href":"https:\/\/reservacultural.com.br\/niteroi\/wp-json\/wp\/v2\/users\/1"}],"replies":[{"embeddable":true,"href":"https:\/\/reservacultural.com.br\/niteroi\/wp-json\/wp\/v2\/comments?post=472"}],"version-history":[{"count":0,"href":"https:\/\/reservacultural.com.br\/niteroi\/wp-json\/wp\/v2\/pages\/472\/revisions"}],"up":[{"embeddable":true,"href":"https:\/\/reservacultural.com.br\/niteroi\/wp-json\/wp\/v2\/pages\/1076"}],"wp:attachment":[{"href":"https:\/\/reservacultural.com.br\/niteroi\/wp-json\/wp\/v2\/media?parent=472"}],"curies":[{"name":"wp","href":"https:\/\/api.w.org\/{rel}","templated":true}]}}