{"id":2042,"date":"2024-12-13T17:52:23","date_gmt":"2024-12-13T20:52:23","guid":{"rendered":"https:\/\/reservacultural.com.br\/niteroi_\/?page_id=2042"},"modified":"2025-04-17T11:58:05","modified_gmt":"2025-04-17T14:58:05","slug":"acessibilidade","status":"publish","type":"page","link":"https:\/\/reservacultural.com.br\/niteroi\/acessibilidade\/","title":{"rendered":"Acessibilidade"},"content":{"rendered":"\t\t<div data-elementor-type=\"wp-page\" data-elementor-id=\"2042\" class=\"elementor elementor-2042\" data-elementor-post-type=\"page\">\n\t\t\t\t<div class=\"elementor-element elementor-element-c6193f8 e-flex e-con-boxed e-con e-parent\" data-id=\"c6193f8\" data-element_type=\"container\" data-e-type=\"container\" data-settings=\"{&quot;background_background&quot;:&quot;classic&quot;}\">\n\t\t\t\t\t<div class=\"e-con-inner\">\n\t\t<div class=\"elementor-element elementor-element-bf5bdc2 e-con-full elementor-hidden-mobile e-flex e-con e-child\" data-id=\"bf5bdc2\" data-element_type=\"container\" data-e-type=\"container\">\n\t\t\t\t<\/div>\n\t\t<div class=\"elementor-element elementor-element-60c173b e-con-full e-flex e-con e-child\" data-id=\"60c173b\" data-element_type=\"container\" data-e-type=\"container\">\n\t\t\t\t<div class=\"elementor-element elementor-element-1be70f2 elementor-widget elementor-widget-menu-anchor\" data-id=\"1be70f2\" data-element_type=\"widget\" data-e-type=\"widget\" data-widget_type=\"menu-anchor.default\">\n\t\t\t\t<div class=\"elementor-widget-container\">\n\t\t\t\t\t\t\t<div class=\"elementor-menu-anchor\" id=\"conteudo\"><\/div>\n\t\t\t\t\t\t<\/div>\n\t\t\t\t<\/div>\n\t\t\t\t<div class=\"elementor-element elementor-element-04f9307 elementor-widget elementor-widget-heading\" data-id=\"04f9307\" data-element_type=\"widget\" data-e-type=\"widget\" data-widget_type=\"heading.default\">\n\t\t\t\t<div class=\"elementor-widget-container\">\n\t\t\t\t\t<h2 class=\"elementor-heading-title elementor-size-default\">Acessibilidade<\/h2>\t\t\t\t<\/div>\n\t\t\t\t<\/div>\n\t\t\t\t<\/div>\n\t\t\t\t\t<\/div>\n\t\t\t\t<\/div>\n\t\t<div class=\"elementor-element elementor-element-6fd66ee e-flex e-con-boxed e-con e-parent\" data-id=\"6fd66ee\" data-element_type=\"container\" data-e-type=\"container\" data-settings=\"{&quot;background_background&quot;:&quot;classic&quot;}\">\n\t\t\t\t\t<div class=\"e-con-inner\">\n\t\t<div class=\"elementor-element elementor-element-12c3445 e-con-full e-flex e-con e-child\" data-id=\"12c3445\" data-element_type=\"container\" data-e-type=\"container\">\n\t\t<div class=\"elementor-element elementor-element-1ec4c0b e-con-full e-flex e-con e-child\" data-id=\"1ec4c0b\" data-element_type=\"container\" data-e-type=\"container\" data-settings=\"{&quot;background_background&quot;:&quot;classic&quot;}\">\n\t\t\t\t<div class=\"elementor-element elementor-element-15d157f elementor-widget elementor-widget-text-editor\" data-id=\"15d157f\" data-element_type=\"widget\" data-e-type=\"widget\" data-widget_type=\"text-editor.default\">\n\t\t\t\t<div class=\"elementor-widget-container\">\n\t\t\t\t\t\t\t\t\t<p>O website da Reserva Cultural foi concebido e desenvolvido de forma a oferecer o m\u00e1ximo de autonomia, seguran\u00e7a e utilidade a todas \u00e0s pessoas, principalmente pessoas com defici\u00eancia.<\/p><p>A acessibilidade das p\u00e1ginas segue as recomenda\u00e7\u00f5es internacionais de acessibilidade web do <a href=\"https:\/\/www.w3c.br\/\" target=\"_self\"><span style=\"text-decoration: underline;\">W3C<\/span>\u00a0<\/a>(World Wide Web Consortium) atrav\u00e9s do documento WCAG 2.2 (Web Content Accessibility Guidelines ou Diretrizes de Acessibilidade para Conte\u00fado Web).<\/p><p>O website tem sua acessibilidade aprovada por valida\u00e7\u00e3o autom\u00e1tica &#8211; atrav\u00e9s da utiliza\u00e7\u00e3o de softwares \u2013 e por valida\u00e7\u00e3o manual realizada tanto pela equipe de especialistas da Goodbros quanto por uma equipe de testes composta de pessoas com defici\u00eancia. Desta forma, oferecemos a experi\u00eancia de usabilidade do website \u00fanica, respeitando as particularidades de cada pessoa.<\/p><p>A barra no topo oferece alguns recursos importantes para uma melhor experi\u00eancia:<\/p><ul><li>Atalhos ao conte\u00fado principal e menu;<\/li><li>Navega\u00e7\u00e3o 100% via teclado com foco vis\u00edvel;<\/li><\/ul><p>Em qualquer navegador, voc\u00ea tamb\u00e9m pode ajustar o tamanho das fontes atrav\u00e9s dos seguintes comandos no teclado:<\/p><p><strong>Ctrl + &#8220;+&#8221;<\/strong> (sinal de adi\u00e7\u00e3o), aumenta o\u00a0<em>zoom<\/em>\u00a0na tela, ampliando as fontes e imagens, at\u00e9 300% ou 500% (dependendo do navegador);<\/p><p><strong>Ctrl + &#8220;-&#8220;<\/strong> (sinal de subtra\u00e7\u00e3o), diminui o\u00a0<em>zoom<\/em>\u00a0na tela, reduzindo as fontes e imagens, at\u00e9 25% ou 30% (dependendo do navegador);<\/p><p><strong>Ctrl + 0<\/strong>, volta ao tamanho padr\u00e3o de 100%.<\/p><p>Embora as p\u00e1ginas web tenham passado nas valida\u00e7\u00f5es, acreditamos que a acessibilidade de um website \u00e9 uma atividade cont\u00ednua. Por este motivo, oferecemos um canal de comunica\u00e7\u00e3o no menu principal chamado \u201cContato\u201d, onde voc\u00ea pode enviar seus coment\u00e1rios sobre sua experi\u00eancia em nossas p\u00e1ginas. Se encontrou alguma dificuldade ou deseja compartilhar alguma sugest\u00e3o de melhoria em nossa acessibilidade, mande uma mensagem para a gente.<\/p><p>Gratid\u00e3o!<\/p>\t\t\t\t\t\t\t\t<\/div>\n\t\t\t\t<\/div>\n\t\t\t\t<\/div>\n\t\t\t\t<\/div>\n\t\t\t\t\t<\/div>\n\t\t\t\t<\/div>\n\t\t<div class=\"elementor-element elementor-element-b798560 e-flex e-con-boxed e-con e-parent\" data-id=\"b798560\" data-element_type=\"container\" data-e-type=\"container\" data-settings=\"{&quot;background_background&quot;:&quot;classic&quot;}\">\n\t\t\t\t\t<div class=\"e-con-inner\">\n\t\t<div class=\"elementor-element elementor-element-2a3e1eb e-con-full e-flex e-con e-child\" data-id=\"2a3e1eb\" data-element_type=\"container\" data-e-type=\"container\" data-settings=\"{&quot;background_background&quot;:&quot;classic&quot;}\">\n\t\t\t\t<\/div>\n\t\t\t\t\t<\/div>\n\t\t\t\t<\/div>\n\t\t\t\t<\/div>\n\t\t","protected":false},"excerpt":{"rendered":"<p>Acessibilidade O website da Reserva Cultural foi concebido e desenvolvido de forma a oferecer o m\u00e1ximo de autonomia, seguran\u00e7a e utilidade a todas \u00e0s pessoas, principalmente pessoas com defici\u00eancia. A acessibilidade das p\u00e1ginas segue as recomenda\u00e7\u00f5es internacionais de acessibilidade web do W3C\u00a0(World Wide Web Consortium) atrav\u00e9s do documento WCAG 2.2 (Web Content Accessibility Guidelines ou [&hellip;]<\/p>\n","protected":false},"author":1,"featured_media":0,"parent":0,"menu_order":0,"comment_status":"closed","ping_status":"closed","template":"","meta":{"_acf_changed":false,"footnotes":""},"class_list":["post-2042","page","type-page","status-publish","hentry"],"acf":[],"yoast_head":"<!-- This site is optimized with the Yoast SEO plugin v27.4 - https:\/\/yoast.com\/product\/yoast-seo-wordpress\/ -->\n<title>Acessibilidade - Cinema Reserva Cultural<\/title>\n<meta name=\"robots\" content=\"index, follow, max-snippet:-1, max-image-preview:large, max-video-preview:-1\" \/>\n<link rel=\"canonical\" href=\"https:\/\/reservacultural.com.br\/niteroi\/acessibilidade\/\" \/>\n<meta property=\"og:locale\" content=\"pt_BR\" \/>\n<meta property=\"og:type\" content=\"article\" \/>\n<meta property=\"og:title\" content=\"Acessibilidade - Cinema Reserva Cultural\" \/>\n<meta property=\"og:description\" content=\"Acessibilidade O website da Reserva Cultural foi concebido e desenvolvido de forma a oferecer o m\u00e1ximo de autonomia, seguran\u00e7a e utilidade a todas \u00e0s pessoas, principalmente pessoas com defici\u00eancia. A acessibilidade das p\u00e1ginas segue as recomenda\u00e7\u00f5es internacionais de acessibilidade web do W3C\u00a0(World Wide Web Consortium) atrav\u00e9s do documento WCAG 2.2 (Web Content Accessibility Guidelines ou [&hellip;]\" \/>\n<meta property=\"og:url\" content=\"https:\/\/reservacultural.com.br\/niteroi\/acessibilidade\/\" \/>\n<meta property=\"og:site_name\" content=\"Cinema Reserva Cultural\" \/>\n<meta property=\"article:modified_time\" content=\"2025-04-17T14:58:05+00:00\" \/>\n<meta name=\"twitter:card\" content=\"summary_large_image\" \/>\n<meta name=\"twitter:label1\" content=\"Est. tempo de leitura\" \/>\n\t<meta name=\"twitter:data1\" content=\"2 minutos\" \/>\n<script type=\"application\/ld+json\" class=\"yoast-schema-graph\">{\"@context\":\"https:\\\/\\\/schema.org\",\"@graph\":[{\"@type\":\"WebPage\",\"@id\":\"https:\\\/\\\/reservacultural.com.br\\\/niteroi\\\/acessibilidade\\\/\",\"url\":\"https:\\\/\\\/reservacultural.com.br\\\/niteroi\\\/acessibilidade\\\/\",\"name\":\"Acessibilidade - Cinema Reserva Cultural\",\"isPartOf\":{\"@id\":\"https:\\\/\\\/reservacultural.com.br\\\/niteroi\\\/#website\"},\"datePublished\":\"2024-12-13T20:52:23+00:00\",\"dateModified\":\"2025-04-17T14:58:05+00:00\",\"breadcrumb\":{\"@id\":\"https:\\\/\\\/reservacultural.com.br\\\/niteroi\\\/acessibilidade\\\/#breadcrumb\"},\"inLanguage\":\"pt-BR\",\"potentialAction\":[{\"@type\":\"ReadAction\",\"target\":[\"https:\\\/\\\/reservacultural.com.br\\\/niteroi\\\/acessibilidade\\\/\"]}]},{\"@type\":\"BreadcrumbList\",\"@id\":\"https:\\\/\\\/reservacultural.com.br\\\/niteroi\\\/acessibilidade\\\/#breadcrumb\",\"itemListElement\":[{\"@type\":\"ListItem\",\"position\":1,\"name\":\"In\u00edcio\",\"item\":\"https:\\\/\\\/reservacultural.com.br\\\/niteroi\\\/\"},{\"@type\":\"ListItem\",\"position\":2,\"name\":\"Acessibilidade\"}]},{\"@type\":\"WebSite\",\"@id\":\"https:\\\/\\\/reservacultural.com.br\\\/niteroi\\\/#website\",\"url\":\"https:\\\/\\\/reservacultural.com.br\\\/niteroi\\\/\",\"name\":\"Cinema Reserva Cultural\",\"description\":\"Filmes, gastronomia e Eventos\",\"publisher\":{\"@id\":\"https:\\\/\\\/reservacultural.com.br\\\/niteroi\\\/#organization\"},\"potentialAction\":[{\"@type\":\"SearchAction\",\"target\":{\"@type\":\"EntryPoint\",\"urlTemplate\":\"https:\\\/\\\/reservacultural.com.br\\\/niteroi\\\/?s={search_term_string}\"},\"query-input\":{\"@type\":\"PropertyValueSpecification\",\"valueRequired\":true,\"valueName\":\"search_term_string\"}}],\"inLanguage\":\"pt-BR\"},{\"@type\":\"Organization\",\"@id\":\"https:\\\/\\\/reservacultural.com.br\\\/niteroi\\\/#organization\",\"name\":\"Cinema Reserva Cultural\",\"url\":\"https:\\\/\\\/reservacultural.com.br\\\/niteroi\\\/\",\"logo\":{\"@type\":\"ImageObject\",\"inLanguage\":\"pt-BR\",\"@id\":\"https:\\\/\\\/reservacultural.com.br\\\/niteroi\\\/#\\\/schema\\\/logo\\\/image\\\/\",\"url\":\"https:\\\/\\\/reservacultural.com.br\\\/niteroi_\\\/wp-content\\\/uploads\\\/2024\\\/07\\\/Captura-de-Tela-2024-04-18-as-14.07-1.jpg\",\"contentUrl\":\"https:\\\/\\\/reservacultural.com.br\\\/niteroi_\\\/wp-content\\\/uploads\\\/2024\\\/07\\\/Captura-de-Tela-2024-04-18-as-14.07-1.jpg\",\"width\":274,\"height\":96,\"caption\":\"Cinema Reserva Cultural\"},\"image\":{\"@id\":\"https:\\\/\\\/reservacultural.com.br\\\/niteroi\\\/#\\\/schema\\\/logo\\\/image\\\/\"}}]}<\/script>\n<!-- \/ Yoast SEO plugin. -->","yoast_head_json":{"title":"Acessibilidade - Cinema Reserva Cultural","robots":{"index":"index","follow":"follow","max-snippet":"max-snippet:-1","max-image-preview":"max-image-preview:large","max-video-preview":"max-video-preview:-1"},"canonical":"https:\/\/reservacultural.com.br\/niteroi\/acessibilidade\/","og_locale":"pt_BR","og_type":"article","og_title":"Acessibilidade - Cinema Reserva Cultural","og_description":"Acessibilidade O website da Reserva Cultural foi concebido e desenvolvido de forma a oferecer o m\u00e1ximo de autonomia, seguran\u00e7a e utilidade a todas \u00e0s pessoas, principalmente pessoas com defici\u00eancia. A acessibilidade das p\u00e1ginas segue as recomenda\u00e7\u00f5es internacionais de acessibilidade web do W3C\u00a0(World Wide Web Consortium) atrav\u00e9s do documento WCAG 2.2 (Web Content Accessibility Guidelines ou [&hellip;]","og_url":"https:\/\/reservacultural.com.br\/niteroi\/acessibilidade\/","og_site_name":"Cinema Reserva Cultural","article_modified_time":"2025-04-17T14:58:05+00:00","twitter_card":"summary_large_image","twitter_misc":{"Est. tempo de leitura":"2 minutos"},"schema":{"@context":"https:\/\/schema.org","@graph":[{"@type":"WebPage","@id":"https:\/\/reservacultural.com.br\/niteroi\/acessibilidade\/","url":"https:\/\/reservacultural.com.br\/niteroi\/acessibilidade\/","name":"Acessibilidade - Cinema Reserva Cultural","isPartOf":{"@id":"https:\/\/reservacultural.com.br\/niteroi\/#website"},"datePublished":"2024-12-13T20:52:23+00:00","dateModified":"2025-04-17T14:58:05+00:00","breadcrumb":{"@id":"https:\/\/reservacultural.com.br\/niteroi\/acessibilidade\/#breadcrumb"},"inLanguage":"pt-BR","potentialAction":[{"@type":"ReadAction","target":["https:\/\/reservacultural.com.br\/niteroi\/acessibilidade\/"]}]},{"@type":"BreadcrumbList","@id":"https:\/\/reservacultural.com.br\/niteroi\/acessibilidade\/#breadcrumb","itemListElement":[{"@type":"ListItem","position":1,"name":"In\u00edcio","item":"https:\/\/reservacultural.com.br\/niteroi\/"},{"@type":"ListItem","position":2,"name":"Acessibilidade"}]},{"@type":"WebSite","@id":"https:\/\/reservacultural.com.br\/niteroi\/#website","url":"https:\/\/reservacultural.com.br\/niteroi\/","name":"Cinema Reserva Cultural","description":"Filmes, gastronomia e Eventos","publisher":{"@id":"https:\/\/reservacultural.com.br\/niteroi\/#organization"},"potentialAction":[{"@type":"SearchAction","target":{"@type":"EntryPoint","urlTemplate":"https:\/\/reservacultural.com.br\/niteroi\/?s={search_term_string}"},"query-input":{"@type":"PropertyValueSpecification","valueRequired":true,"valueName":"search_term_string"}}],"inLanguage":"pt-BR"},{"@type":"Organization","@id":"https:\/\/reservacultural.com.br\/niteroi\/#organization","name":"Cinema Reserva Cultural","url":"https:\/\/reservacultural.com.br\/niteroi\/","logo":{"@type":"ImageObject","inLanguage":"pt-BR","@id":"https:\/\/reservacultural.com.br\/niteroi\/#\/schema\/logo\/image\/","url":"https:\/\/reservacultural.com.br\/niteroi_\/wp-content\/uploads\/2024\/07\/Captura-de-Tela-2024-04-18-as-14.07-1.jpg","contentUrl":"https:\/\/reservacultural.com.br\/niteroi_\/wp-content\/uploads\/2024\/07\/Captura-de-Tela-2024-04-18-as-14.07-1.jpg","width":274,"height":96,"caption":"Cinema Reserva Cultural"},"image":{"@id":"https:\/\/reservacultural.com.br\/niteroi\/#\/schema\/logo\/image\/"}}]}},"_links":{"self":[{"href":"https:\/\/reservacultural.com.br\/niteroi\/wp-json\/wp\/v2\/pages\/2042","targetHints":{"allow":["GET"]}}],"collection":[{"href":"https:\/\/reservacultural.com.br\/niteroi\/wp-json\/wp\/v2\/pages"}],"about":[{"href":"https:\/\/reservacultural.com.br\/niteroi\/wp-json\/wp\/v2\/types\/page"}],"author":[{"embeddable":true,"href":"https:\/\/reservacultural.com.br\/niteroi\/wp-json\/wp\/v2\/users\/1"}],"replies":[{"embeddable":true,"href":"https:\/\/reservacultural.com.br\/niteroi\/wp-json\/wp\/v2\/comments?post=2042"}],"version-history":[{"count":0,"href":"https:\/\/reservacultural.com.br\/niteroi\/wp-json\/wp\/v2\/pages\/2042\/revisions"}],"wp:attachment":[{"href":"https:\/\/reservacultural.com.br\/niteroi\/wp-json\/wp\/v2\/media?parent=2042"}],"curies":[{"name":"wp","href":"https:\/\/api.w.org\/{rel}","templated":true}]}}