{"id":1459,"date":"2024-10-03T17:02:33","date_gmt":"2024-10-03T20:02:33","guid":{"rendered":"https:\/\/reservacultural.com.br\/niteroi_\/?page_id=1459"},"modified":"2025-04-17T12:02:10","modified_gmt":"2025-04-17T15:02:10","slug":"eventos","status":"publish","type":"page","link":"https:\/\/reservacultural.com.br\/niteroi\/eventos\/","title":{"rendered":"Eventos"},"content":{"rendered":"\t\t<div data-elementor-type=\"wp-page\" data-elementor-id=\"1459\" class=\"elementor elementor-1459\" data-elementor-post-type=\"page\">\n\t\t\t\t<div class=\"elementor-element elementor-element-c6193f8 e-flex e-con-boxed e-con e-parent\" data-id=\"c6193f8\" data-element_type=\"container\" data-e-type=\"container\" data-settings=\"{&quot;background_background&quot;:&quot;classic&quot;}\">\n\t\t\t\t\t<div class=\"e-con-inner\">\n\t\t<div class=\"elementor-element elementor-element-bf5bdc2 e-con-full elementor-hidden-mobile e-flex e-con e-child\" data-id=\"bf5bdc2\" data-element_type=\"container\" data-e-type=\"container\">\n\t\t\t\t<\/div>\n\t\t<div class=\"elementor-element elementor-element-60c173b e-con-full e-flex e-con e-child\" data-id=\"60c173b\" data-element_type=\"container\" data-e-type=\"container\">\n\t\t\t\t<div class=\"elementor-element elementor-element-1be70f2 elementor-widget elementor-widget-menu-anchor\" data-id=\"1be70f2\" data-element_type=\"widget\" data-e-type=\"widget\" data-widget_type=\"menu-anchor.default\">\n\t\t\t\t<div class=\"elementor-widget-container\">\n\t\t\t\t\t\t\t<div class=\"elementor-menu-anchor\" id=\"conteudo\"><\/div>\n\t\t\t\t\t\t<\/div>\n\t\t\t\t<\/div>\n\t\t\t\t<div class=\"elementor-element elementor-element-04f9307 elementor-widget elementor-widget-heading\" data-id=\"04f9307\" data-element_type=\"widget\" data-e-type=\"widget\" data-widget_type=\"heading.default\">\n\t\t\t\t<div class=\"elementor-widget-container\">\n\t\t\t\t\t<h2 class=\"elementor-heading-title elementor-size-default\">Eventos no Reserva<\/h2>\t\t\t\t<\/div>\n\t\t\t\t<\/div>\n\t\t\t\t<\/div>\n\t\t\t\t\t<\/div>\n\t\t\t\t<\/div>\n\t\t<div class=\"elementor-element elementor-element-6fd66ee e-flex e-con-boxed e-con e-parent\" data-id=\"6fd66ee\" data-element_type=\"container\" data-e-type=\"container\" data-settings=\"{&quot;background_background&quot;:&quot;classic&quot;}\">\n\t\t\t\t\t<div class=\"e-con-inner\">\n\t\t<div class=\"elementor-element elementor-element-12c3445 e-con-full e-flex e-con e-child\" data-id=\"12c3445\" data-element_type=\"container\" data-e-type=\"container\">\n\t\t<div class=\"elementor-element elementor-element-1ec4c0b e-con-full e-flex e-con e-child\" data-id=\"1ec4c0b\" data-element_type=\"container\" data-e-type=\"container\" data-settings=\"{&quot;background_background&quot;:&quot;classic&quot;}\">\n\t\t\t\t<div class=\"elementor-element elementor-element-313d81b elementor-widget elementor-widget-heading\" data-id=\"313d81b\" data-element_type=\"widget\" data-e-type=\"widget\" data-widget_type=\"heading.default\">\n\t\t\t\t<div class=\"elementor-widget-container\">\n\t\t\t\t\t<h3 class=\"elementor-heading-title elementor-size-default\">Traga o seu evento para o Reserva Cultural!<\/h3>\t\t\t\t<\/div>\n\t\t\t\t<\/div>\n\t\t\t\t<div class=\"elementor-element elementor-element-15d157f elementor-widget elementor-widget-text-editor\" data-id=\"15d157f\" data-element_type=\"widget\" data-e-type=\"widget\" data-widget_type=\"text-editor.default\">\n\t\t\t\t<div class=\"elementor-widget-container\">\n\t\t\t\t\t\t\t\t\t<p><span style=\"font-weight: 400;\">Voc\u00ea sabia que tamb\u00e9m realizamos diferentes tipos de eventos aqui no espa\u00e7o do Reserva Cultural?O Reserva Cultural oferece o ambiente ideal para tornar seu evento inesquec\u00edvel, seja ele corporativo ou social.\u00a0<\/span><\/p><p><span style=\"font-weight: 400;\">Com localiza\u00e7\u00e3o privilegiada e uma infraestrutura completa, estamos prontos para receber diversos tipos de eventos e proporcionar uma experi\u00eancia \u00fanica para voc\u00ea e seus convidados.<\/span><\/p>\t\t\t\t\t\t\t\t<\/div>\n\t\t\t\t<\/div>\n\t\t\t\t<div class=\"elementor-element elementor-element-18e1437 elementor-widget elementor-widget-heading\" data-id=\"18e1437\" data-element_type=\"widget\" data-e-type=\"widget\" data-widget_type=\"heading.default\">\n\t\t\t\t<div class=\"elementor-widget-container\">\n\t\t\t\t\t<h3 class=\"elementor-heading-title elementor-size-default\">Confira algumas ideias de Eventos que voc\u00ea pode trazer para o Reserva Cultural!\n<\/h3>\t\t\t\t<\/div>\n\t\t\t\t<\/div>\n\t\t\t\t<div class=\"elementor-element elementor-element-58466c2 elementor-widget elementor-widget-text-editor\" data-id=\"58466c2\" data-element_type=\"widget\" data-e-type=\"widget\" data-widget_type=\"text-editor.default\">\n\t\t\t\t<div class=\"elementor-widget-container\">\n\t\t\t\t\t\t\t\t\t<ul><li><strong>Eventos Corporativos:<\/strong> Transforme suas reuni\u00f5es, palestras e semin\u00e1rios em experi\u00eancias imersivas.<\/li><li><strong>Pr\u00e9-estreia de filmes:<\/strong> Fa\u00e7a lan\u00e7amentos de filmes com toda a grandiosidade que uma sala de cinema oferece.<\/li><li><b>Debates:<\/b> Promova debates com a plateia, com ou sem a exibi\u00e7\u00e3o de filmes, no conforto de uma sala de cinema.<\/li><li><strong>Anivers\u00e1rios:<\/strong> Traga sua festa para o Reserva Cultural e tenha uma experi\u00eancia inesquec\u00edvel com seus convidados.<\/li><li><strong>Eventos, Feiras e Coqueteis:<\/strong> Crie uma mem\u00f3ria marcante na mente de seu p\u00fablico ao realizar congressos, feiras, coqueteis de lan\u00e7amento e outros eventos em um espa\u00e7o projeto pro Oscar Niemeyer.<\/li><li aria-level=\"1\"><b>Shows:<\/b> Nossa estrutura ampla est\u00e1 pronta para voc\u00ea realizar espet\u00e1culos e shows com toda seguran\u00e7a e conforto que seu evento precisa.<\/li><\/ul><p>Todos os espa\u00e7os acima permitem a utiliza\u00e7\u00e3o de backdrop e local Instagram\u00e1vel.<br \/>Tudo isso nas nossas salas de cinema, Brasserie, pizzaria, hamburgueria ou em um amplo espa\u00e7o para realiza\u00e7\u00e3o de feiras e grandes eventos<\/p>\t\t\t\t\t\t\t\t<\/div>\n\t\t\t\t<\/div>\n\t\t\t\t<div class=\"elementor-element elementor-element-83901cc elementor-widget elementor-widget-heading\" data-id=\"83901cc\" data-element_type=\"widget\" data-e-type=\"widget\" data-widget_type=\"heading.default\">\n\t\t\t\t<div class=\"elementor-widget-container\">\n\t\t\t\t\t<h3 class=\"elementor-heading-title elementor-size-default\">Capacidades das Salas<\/h3>\t\t\t\t<\/div>\n\t\t\t\t<\/div>\n\t\t<div class=\"elementor-element elementor-element-24f9585 e-con-full e-grid e-con e-child\" data-id=\"24f9585\" data-element_type=\"container\" data-e-type=\"container\">\n\t\t<div class=\"elementor-element elementor-element-ffb15a2 e-con-full e-flex e-con e-child\" data-id=\"ffb15a2\" data-element_type=\"container\" data-e-type=\"container\">\n\t\t\t\t<div class=\"elementor-element elementor-element-1c29457 elementor-widget elementor-widget-heading\" data-id=\"1c29457\" data-element_type=\"widget\" data-e-type=\"widget\" data-widget_type=\"heading.default\">\n\t\t\t\t<div class=\"elementor-widget-container\">\n\t\t\t\t\t<h4 class=\"elementor-heading-title elementor-size-default\">Sala 01<\/h4>\t\t\t\t<\/div>\n\t\t\t\t<\/div>\n\t\t\t\t<div class=\"elementor-element elementor-element-d1ac3a6 elementor-widget elementor-widget-text-editor\" data-id=\"d1ac3a6\" data-element_type=\"widget\" data-e-type=\"widget\" data-widget_type=\"text-editor.default\">\n\t\t\t\t<div class=\"elementor-widget-container\">\n\t\t\t\t\t\t\t\t\t<p><span style=\"font-weight: 400;\">Capacidade para 196 pessoas<\/span><\/p>\t\t\t\t\t\t\t\t<\/div>\n\t\t\t\t<\/div>\n\t\t\t\t<\/div>\n\t\t<div class=\"elementor-element elementor-element-9a4ade1 e-con-full e-flex e-con e-child\" data-id=\"9a4ade1\" data-element_type=\"container\" data-e-type=\"container\">\n\t\t\t\t<div class=\"elementor-element elementor-element-7f3b47b elementor-widget elementor-widget-heading\" data-id=\"7f3b47b\" data-element_type=\"widget\" data-e-type=\"widget\" data-widget_type=\"heading.default\">\n\t\t\t\t<div class=\"elementor-widget-container\">\n\t\t\t\t\t<h4 class=\"elementor-heading-title elementor-size-default\">Sala 02<\/h4>\t\t\t\t<\/div>\n\t\t\t\t<\/div>\n\t\t\t\t<div class=\"elementor-element elementor-element-7303bd1 elementor-widget elementor-widget-text-editor\" data-id=\"7303bd1\" data-element_type=\"widget\" data-e-type=\"widget\" data-widget_type=\"text-editor.default\">\n\t\t\t\t<div class=\"elementor-widget-container\">\n\t\t\t\t\t\t\t\t\t<p><span style=\"font-weight: 400;\">Capacidade para 149 pessoas<\/span><\/p>\t\t\t\t\t\t\t\t<\/div>\n\t\t\t\t<\/div>\n\t\t\t\t<\/div>\n\t\t<div class=\"elementor-element elementor-element-32537fc e-con-full e-flex e-con e-child\" data-id=\"32537fc\" data-element_type=\"container\" data-e-type=\"container\">\n\t\t\t\t<div class=\"elementor-element elementor-element-08c907d elementor-widget elementor-widget-heading\" data-id=\"08c907d\" data-element_type=\"widget\" data-e-type=\"widget\" data-widget_type=\"heading.default\">\n\t\t\t\t<div class=\"elementor-widget-container\">\n\t\t\t\t\t<h4 class=\"elementor-heading-title elementor-size-default\">Sala 03<\/h4>\t\t\t\t<\/div>\n\t\t\t\t<\/div>\n\t\t\t\t<div class=\"elementor-element elementor-element-a50d02a elementor-widget elementor-widget-text-editor\" data-id=\"a50d02a\" data-element_type=\"widget\" data-e-type=\"widget\" data-widget_type=\"text-editor.default\">\n\t\t\t\t<div class=\"elementor-widget-container\">\n\t\t\t\t\t\t\t\t\t<p><span style=\"font-weight: 400;\">Capacidade para 113 pessoas<\/span><\/p>\t\t\t\t\t\t\t\t<\/div>\n\t\t\t\t<\/div>\n\t\t\t\t<\/div>\n\t\t<div class=\"elementor-element elementor-element-231df3c e-con-full e-flex e-con e-child\" data-id=\"231df3c\" data-element_type=\"container\" data-e-type=\"container\">\n\t\t\t\t<div class=\"elementor-element elementor-element-db49f1b elementor-widget elementor-widget-heading\" data-id=\"db49f1b\" data-element_type=\"widget\" data-e-type=\"widget\" data-widget_type=\"heading.default\">\n\t\t\t\t<div class=\"elementor-widget-container\">\n\t\t\t\t\t<h4 class=\"elementor-heading-title elementor-size-default\">Sala 04<\/h4>\t\t\t\t<\/div>\n\t\t\t\t<\/div>\n\t\t\t\t<div class=\"elementor-element elementor-element-2bc1c43 elementor-widget elementor-widget-text-editor\" data-id=\"2bc1c43\" data-element_type=\"widget\" data-e-type=\"widget\" data-widget_type=\"text-editor.default\">\n\t\t\t\t<div class=\"elementor-widget-container\">\n\t\t\t\t\t\t\t\t\t<p><span style=\"font-weight: 400;\">Capacidade para 82 pessoas<\/span><\/p>\t\t\t\t\t\t\t\t<\/div>\n\t\t\t\t<\/div>\n\t\t\t\t<\/div>\n\t\t<div class=\"elementor-element elementor-element-dc61a78 e-con-full e-flex e-con e-child\" data-id=\"dc61a78\" data-element_type=\"container\" data-e-type=\"container\">\n\t\t\t\t<div class=\"elementor-element elementor-element-494c910 elementor-widget elementor-widget-heading\" data-id=\"494c910\" data-element_type=\"widget\" data-e-type=\"widget\" data-widget_type=\"heading.default\">\n\t\t\t\t<div class=\"elementor-widget-container\">\n\t\t\t\t\t<h4 class=\"elementor-heading-title elementor-size-default\">Sala 05<\/h4>\t\t\t\t<\/div>\n\t\t\t\t<\/div>\n\t\t\t\t<div class=\"elementor-element elementor-element-48d3003 elementor-widget elementor-widget-text-editor\" data-id=\"48d3003\" data-element_type=\"widget\" data-e-type=\"widget\" data-widget_type=\"text-editor.default\">\n\t\t\t\t<div class=\"elementor-widget-container\">\n\t\t\t\t\t\t\t\t\t<p><span style=\"font-weight: 400;\">Capacidade para 84 pessoas<\/span><\/p>\t\t\t\t\t\t\t\t<\/div>\n\t\t\t\t<\/div>\n\t\t\t\t<\/div>\n\t\t<div class=\"elementor-element elementor-element-38ec962 e-con-full e-flex e-con e-child\" data-id=\"38ec962\" data-element_type=\"container\" data-e-type=\"container\">\n\t\t\t\t<div class=\"elementor-element elementor-element-2b06cd4 elementor-widget elementor-widget-heading\" data-id=\"2b06cd4\" data-element_type=\"widget\" data-e-type=\"widget\" data-widget_type=\"heading.default\">\n\t\t\t\t<div class=\"elementor-widget-container\">\n\t\t\t\t\t<h4 class=\"elementor-heading-title elementor-size-default\">Foyer<\/h4>\t\t\t\t<\/div>\n\t\t\t\t<\/div>\n\t\t\t\t<div class=\"elementor-element elementor-element-d5c4398 elementor-widget elementor-widget-text-editor\" data-id=\"d5c4398\" data-element_type=\"widget\" data-e-type=\"widget\" data-widget_type=\"text-editor.default\">\n\t\t\t\t<div class=\"elementor-widget-container\">\n\t\t\t\t\t\t\t\t\t<p><span style=\"font-weight: 400;\">Espa\u00e7o vers\u00e1til para recep\u00e7\u00f5es e eventos sociais<\/span><\/p>\t\t\t\t\t\t\t\t<\/div>\n\t\t\t\t<\/div>\n\t\t\t\t<\/div>\n\t\t\t\t<\/div>\n\t\t\t\t<div class=\"elementor-element elementor-element-d064992 elementor-widget elementor-widget-heading\" data-id=\"d064992\" data-element_type=\"widget\" data-e-type=\"widget\" data-widget_type=\"heading.default\">\n\t\t\t\t<div class=\"elementor-widget-container\">\n\t\t\t\t\t<h3 class=\"elementor-heading-title elementor-size-default\">Quero meu evento no Reserva Cultural!<\/h3>\t\t\t\t<\/div>\n\t\t\t\t<\/div>\n\t\t\t\t<div class=\"elementor-element elementor-element-262d06c elementor-widget elementor-widget-text-editor\" data-id=\"262d06c\" data-element_type=\"widget\" data-e-type=\"widget\" data-widget_type=\"text-editor.default\">\n\t\t\t\t<div class=\"elementor-widget-container\">\n\t\t\t\t\t\t\t\t\t<p><span style=\"font-weight: 400;\">Organizar o seu evento em uma das unidades do Reserva Cultural \u00e9 mais f\u00e1cil do que voc\u00ea imagina!\u00a0<\/span><\/p><p><span style=\"font-weight: 400;\">Acesse o formul\u00e1rio <\/span><span style=\"font-weight: 400;\">abaixo<\/span><span style=\"font-weight: 400;\"> e nos conte tudo sobre o seu evento! Quanto mais informa\u00e7\u00f5es, melhor e mais rapidamente a nossa equipe poder\u00e1 te atender.<\/span><\/p><p><span style=\"font-weight: 400;\">Estamos ansiosos para ajudar a transformar seu evento em um momento inesquec\u00edvel em um espa\u00e7o cultural \u00fanico!<\/span><\/p>\t\t\t\t\t\t\t\t<\/div>\n\t\t\t\t<\/div>\n\t\t\t\t<div class=\"elementor-element elementor-element-53a5b7f elementor-button-align-stretch elementor-widget elementor-widget-form\" data-id=\"53a5b7f\" data-element_type=\"widget\" data-e-type=\"widget\" data-settings=\"{&quot;button_width&quot;:&quot;20&quot;,&quot;step_next_label&quot;:&quot;Pr\\u00f3ximo&quot;,&quot;step_previous_label&quot;:&quot;Anterior&quot;,&quot;step_type&quot;:&quot;number_text&quot;,&quot;step_icon_shape&quot;:&quot;circle&quot;}\" data-widget_type=\"form.default\">\n\t\t\t\t<div class=\"elementor-widget-container\">\n\t\t\t\t\t\t\t<form class=\"elementor-form\" method=\"post\" name=\"Form Eventos\" aria-label=\"Form Eventos\" novalidate=\"\">\n\t\t\t<input type=\"hidden\" name=\"post_id\" value=\"1459\"\/>\n\t\t\t<input type=\"hidden\" name=\"form_id\" value=\"53a5b7f\"\/>\n\t\t\t<input type=\"hidden\" name=\"referer_title\" value=\"Eventos - Cinema Reserva Cultural\" \/>\n\n\t\t\t\t\t\t\t<input type=\"hidden\" name=\"queried_id\" value=\"1459\"\/>\n\t\t\t\n\t\t\t<div class=\"elementor-form-fields-wrapper elementor-labels-above\">\n\t\t\t\t\t\t\t\t<div class=\"elementor-field-type-radio elementor-field-group elementor-column elementor-field-group-conhece_reserva elementor-col-100 elementor-field-required elementor-mark-required\">\n\t\t\t\t\t\t\t\t\t\t\t\t<label for=\"form-field-conhece_reserva\" class=\"elementor-field-label\">\n\t\t\t\t\t\t\t\tVoc\u00ea conhece o Reserva Cultural ?\t\t\t\t\t\t\t<\/label>\n\t\t\t\t\t\t<div class=\"elementor-field-subgroup  elementor-subgroup-inline\"><span class=\"elementor-field-option\"><input type=\"radio\" value=\"Sim\" id=\"form-field-conhece_reserva-0\" name=\"form_fields[conhece_reserva]\" required=\"required\"> <label for=\"form-field-conhece_reserva-0\">Sim<\/label><\/span><span class=\"elementor-field-option\"><input type=\"radio\" value=\"N\u00e3o\" id=\"form-field-conhece_reserva-1\" name=\"form_fields[conhece_reserva]\" required=\"required\"> <label for=\"form-field-conhece_reserva-1\">N\u00e3o<\/label><\/span><\/div>\t\t\t\t<\/div>\n\t\t\t\t\t\t\t\t<div class=\"elementor-field-type-text elementor-field-group elementor-column elementor-field-group-nome_empresa elementor-col-100 elementor-field-required elementor-mark-required\">\n\t\t\t\t\t\t\t\t\t\t\t\t<label for=\"form-field-nome_empresa\" class=\"elementor-field-label\">\n\t\t\t\t\t\t\t\tNome e sobrenome ou nome da empresa\t\t\t\t\t\t\t<\/label>\n\t\t\t\t\t\t\t\t\t\t\t\t\t\t<input size=\"1\" type=\"text\" name=\"form_fields[nome_empresa]\" id=\"form-field-nome_empresa\" class=\"elementor-field elementor-size-sm  elementor-field-textual\" placeholder=\"Introduza sua resposta\" required=\"required\">\n\t\t\t\t\t\t\t\t\t\t\t<\/div>\n\t\t\t\t\t\t\t\t<div class=\"elementor-field-type-tel elementor-field-group elementor-column elementor-field-group-telefone_contato elementor-col-100 elementor-field-required elementor-mark-required\">\n\t\t\t\t\t\t\t\t\t\t\t\t<label for=\"form-field-telefone_contato\" class=\"elementor-field-label\">\n\t\t\t\t\t\t\t\tTelefone para contato\t\t\t\t\t\t\t<\/label>\n\t\t\t\t\t\t\t\t<input size=\"1\" type=\"tel\" name=\"form_fields[telefone_contato]\" id=\"form-field-telefone_contato\" class=\"elementor-field elementor-size-sm  elementor-field-textual\" placeholder=\"Introduza sua resposta\" required=\"required\" pattern=\"[0-9()#&amp;+*-=.]+\" title=\"Apenas n\u00fameros e caracteres de telefone (#, -, *, etc.) s\u00e3o aceitos.\">\n\n\t\t\t\t\t\t<\/div>\n\t\t\t\t\t\t\t\t<div class=\"elementor-field-type-email elementor-field-group elementor-column elementor-field-group-email elementor-col-100 elementor-field-required elementor-mark-required\">\n\t\t\t\t\t\t\t\t\t\t\t\t<label for=\"form-field-email\" class=\"elementor-field-label\">\n\t\t\t\t\t\t\t\tE-mail\t\t\t\t\t\t\t<\/label>\n\t\t\t\t\t\t\t\t\t\t\t\t\t\t<input size=\"1\" type=\"email\" name=\"form_fields[email]\" id=\"form-field-email\" class=\"elementor-field elementor-size-sm  elementor-field-textual\" placeholder=\"Introduza sua resposta\" required=\"required\">\n\t\t\t\t\t\t\t\t\t\t\t<\/div>\n\t\t\t\t\t\t\t\t<div class=\"elementor-field-type-text elementor-field-group elementor-column elementor-field-group-cnpj elementor-col-100 elementor-field-required elementor-mark-required\">\n\t\t\t\t\t\t\t\t\t\t\t\t<label for=\"form-field-cnpj\" class=\"elementor-field-label\">\n\t\t\t\t\t\t\t\tCNPJ ou CPF\t\t\t\t\t\t\t<\/label>\n\t\t\t\t\t\t\t\t\t\t\t\t\t\t<input size=\"1\" type=\"text\" name=\"form_fields[cnpj]\" id=\"form-field-cnpj\" class=\"elementor-field elementor-size-sm  elementor-field-textual\" placeholder=\"Introduza sua resposta\" required=\"required\">\n\t\t\t\t\t\t\t\t\t\t\t<\/div>\n\t\t\t\t\t\t\t\t<div class=\"elementor-field-type-select elementor-field-group elementor-column elementor-field-group-tipo_evento elementor-col-100 elementor-field-required elementor-mark-required\">\n\t\t\t\t\t\t\t\t\t\t\t\t<label for=\"form-field-tipo_evento\" class=\"elementor-field-label\">\n\t\t\t\t\t\t\t\tQual tipo de evento?\t\t\t\t\t\t\t<\/label>\n\t\t\t\t\t\t\t\t<div class=\"elementor-field elementor-select-wrapper remove-before \">\n\t\t\t<div class=\"select-caret-down-wrapper\">\n\t\t\t\t<svg aria-hidden=\"true\" class=\"e-font-icon-svg e-eicon-caret-down\" viewBox=\"0 0 571.4 571.4\" xmlns=\"http:\/\/www.w3.org\/2000\/svg\"><path d=\"M571 393Q571 407 561 418L311 668Q300 679 286 679T261 668L11 418Q0 407 0 393T11 368 36 357H536Q550 357 561 368T571 393Z\"><\/path><\/svg>\t\t\t<\/div>\n\t\t\t<select name=\"form_fields[tipo_evento]\" id=\"form-field-tipo_evento\" class=\"elementor-field-textual elementor-size-sm\" required=\"required\">\n\t\t\t\t\t\t\t\t\t<option value=\"Evento corporativo\/debate\/aula  na sala 1 de cinema -196 lugares\">Evento corporativo\/debate\/aula  na sala 1 de cinema -196 lugares<\/option>\n\t\t\t\t\t\t\t\t\t<option value=\"Evento corporativo\/debate\/aula na sala 2 de Cinema- 149 lugares\">Evento corporativo\/debate\/aula na sala 2 de Cinema- 149 lugares<\/option>\n\t\t\t\t\t\t\t\t\t<option value=\"Evento corporativo\/debate\/aula na Sala 3 de Cinema- 111 lugares\">Evento corporativo\/debate\/aula na Sala 3 de Cinema- 111 lugares<\/option>\n\t\t\t\t\t\t\t\t\t<option value=\"Evento corporativo\/debate\/aula na Sala 4 de Cinema - 82 lugares\">Evento corporativo\/debate\/aula na Sala 4 de Cinema - 82 lugares<\/option>\n\t\t\t\t\t\t\t\t\t<option value=\"Evento corporativo\/debate\/aula na Sala 5 de Cinema-83 lugares\">Evento corporativo\/debate\/aula na Sala 5 de Cinema-83 lugares<\/option>\n\t\t\t\t\t\t\t\t\t<option value=\"Festa de anivers\u00e1rio no Reserva\">Festa de anivers\u00e1rio no Reserva<\/option>\n\t\t\t\t\t\t\t\t\t<option value=\"Loca\u00e7\u00e3o do primeiro piso para evento\/feira\">Loca\u00e7\u00e3o do primeiro piso para evento\/feira<\/option>\n\t\t\t\t\t\t\t\t\t<option value=\"Loca\u00e7\u00e3o do segundo piso para evento\/feira\">Loca\u00e7\u00e3o do segundo piso para evento\/feira<\/option>\n\t\t\t\t\t\t\t\t\t<option value=\"Uso do espa\u00e7o em frente a Sala Nelson Pereira do Santos para Coquetel\">Uso do espa\u00e7o em frente a Sala Nelson Pereira do Santos para Coquetel<\/option>\n\t\t\t\t\t\t\t\t\t<option value=\"Uso do espa\u00e7o em frente a sala Nelson Pereira do Santos para Backdrop\/ Local instagram\u00e1vel\">Uso do espa\u00e7o em frente a sala Nelson Pereira do Santos para Backdrop\/ Local instagram\u00e1vel<\/option>\n\t\t\t\t\t\t\t\t\t<option value=\"Parceria com o restaurante Brasserie\">Parceria com o restaurante Brasserie<\/option>\n\t\t\t\t\t\t\t\t\t<option value=\"Pr\u00e9-estr\u00e9ia de filme\">Pr\u00e9-estr\u00e9ia de filme<\/option>\n\t\t\t\t\t\t\t\t\t<option value=\"Shows\">Shows<\/option>\n\t\t\t\t\t\t\t\t\t<option value=\"Local para palestra fora do cinema\">Local para palestra fora do cinema<\/option>\n\t\t\t\t\t\t\t<\/select>\n\t\t<\/div>\n\t\t\t\t\t\t<\/div>\n\t\t\t\t\t\t\t\t<div class=\"elementor-field-type-date elementor-field-group elementor-column elementor-field-group-data_evento elementor-col-100 elementor-field-required elementor-mark-required\">\n\t\t\t\t\t\t\t\t\t\t\t\t<label for=\"form-field-data_evento\" class=\"elementor-field-label\">\n\t\t\t\t\t\t\t\tData do Evento\t\t\t\t\t\t\t<\/label>\n\t\t\t\t\t\t\n\t\t<input type=\"date\" name=\"form_fields[data_evento]\" id=\"form-field-data_evento\" class=\"elementor-field elementor-size-sm  elementor-field-textual elementor-date-field elementor-use-native\" placeholder=\"Introduza sua resposta\" required=\"required\" pattern=\"[0-9]{4}-[0-9]{2}-[0-9]{2}\">\n\t\t\t\t\t\t<\/div>\n\t\t\t\t\t\t\t\t<div class=\"elementor-field-type-time elementor-field-group elementor-column elementor-field-group-horario_inicio_evento elementor-col-100 elementor-field-required elementor-mark-required\">\n\t\t\t\t\t\t\t\t\t\t\t\t<label for=\"form-field-horario_inicio_evento\" class=\"elementor-field-label\">\n\t\t\t\t\t\t\t\tHor\u00e1rio de in\u00edcio (incluindo tempo de montagem) \t\t\t\t\t\t\t<\/label>\n\t\t\t\t\t\t\t\t<input type=\"time\" name=\"form_fields[horario_inicio_evento]\" id=\"form-field-horario_inicio_evento\" class=\"elementor-field elementor-size-sm  elementor-field-textual elementor-time-field elementor-use-native\" placeholder=\"Introduza sua resposta\" required=\"required\">\n\t\t\t\t\t\t<\/div>\n\t\t\t\t\t\t\t\t<div class=\"elementor-field-type-time elementor-field-group elementor-column elementor-field-group-horario_termino_evento elementor-col-100 elementor-field-required elementor-mark-required\">\n\t\t\t\t\t\t\t\t\t\t\t\t<label for=\"form-field-horario_termino_evento\" class=\"elementor-field-label\">\n\t\t\t\t\t\t\t\tHor\u00e1rio de t\u00e9rmino (incluindo tempo de desmontagem)\t\t\t\t\t\t\t<\/label>\n\t\t\t\t\t\t\t\t<input type=\"time\" name=\"form_fields[horario_termino_evento]\" id=\"form-field-horario_termino_evento\" class=\"elementor-field elementor-size-sm  elementor-field-textual elementor-time-field elementor-use-native\" placeholder=\"Introduza sua resposta\" required=\"required\">\n\t\t\t\t\t\t<\/div>\n\t\t\t\t\t\t\t\t<div class=\"elementor-field-type-number elementor-field-group elementor-column elementor-field-group-quantas_pessoas elementor-col-100\">\n\t\t\t\t\t\t\t\t\t\t\t\t<label for=\"form-field-quantas_pessoas\" class=\"elementor-field-label\">\n\t\t\t\t\t\t\t\tEvento para quantas pessoas?\t\t\t\t\t\t\t<\/label>\n\t\t\t\t\t\t\t\t\t<input type=\"number\" name=\"form_fields[quantas_pessoas]\" id=\"form-field-quantas_pessoas\" class=\"elementor-field elementor-size-sm  elementor-field-textual\" placeholder=\"Introduza sua resposta\" min=\"0\" max=\"\" >\n\t\t\t\t\t\t<\/div>\n\t\t\t\t\t\t\t\t<div class=\"elementor-field-type-checkbox elementor-field-group elementor-column elementor-field-group-alimentos_evento elementor-col-100\">\n\t\t\t\t\t\t\t\t\t\t\t\t<label for=\"form-field-alimentos_evento\" class=\"elementor-field-label\">\n\t\t\t\t\t\t\t\tVai precisar de servi\u00e7o de Alimentos e Bebidas? Se sim qual o tipo?\t\t\t\t\t\t\t<\/label>\n\t\t\t\t\t\t<div class=\"elementor-field-subgroup  elementor-subgroup-inline\"><span class=\"elementor-field-option\"><input type=\"checkbox\" value=\"Coquetel\" id=\"form-field-alimentos_evento-0\" name=\"form_fields[alimentos_evento][]\"> <label for=\"form-field-alimentos_evento-0\">Coquetel<\/label><\/span><span class=\"elementor-field-option\"><input type=\"checkbox\" value=\"Coffe break\" id=\"form-field-alimentos_evento-1\" name=\"form_fields[alimentos_evento][]\"> <label for=\"form-field-alimentos_evento-1\">Coffe break<\/label><\/span><span class=\"elementor-field-option\"><input type=\"checkbox\" value=\"Kit pipoca\" id=\"form-field-alimentos_evento-2\" name=\"form_fields[alimentos_evento][]\"> <label for=\"form-field-alimentos_evento-2\">Kit pipoca<\/label><\/span><span class=\"elementor-field-option\"><input type=\"checkbox\" value=\"N\u00e3o\" id=\"form-field-alimentos_evento-3\" name=\"form_fields[alimentos_evento][]\"> <label for=\"form-field-alimentos_evento-3\">N\u00e3o<\/label><\/span><\/div>\t\t\t\t<\/div>\n\t\t\t\t\t\t\t\t<div class=\"elementor-field-type-textarea elementor-field-group elementor-column elementor-field-group-feira elementor-col-100\">\n\t\t\t\t\t\t\t\t\t\t\t\t<label for=\"form-field-feira\" class=\"elementor-field-label\">\n\t\t\t\t\t\t\t\tEm caso de feira, qual o tema? Deve ser considerado no or\u00e7amento um dia de montagem e um dia para desmontagem? Gastronomia, roupa, artesanato, moda, cosm\u00e9ticos. Gentileza detalhar qual o tipo de produto ser\u00e1 comercializado nas barracas.\t\t\t\t\t\t\t<\/label>\n\t\t\t\t\t\t<textarea class=\"elementor-field-textual elementor-field  elementor-size-sm\" name=\"form_fields[feira]\" id=\"form-field-feira\" rows=\"4\" placeholder=\"Introduza sua resposta\"><\/textarea>\t\t\t\t<\/div>\n\t\t\t\t\t\t\t\t<div class=\"elementor-field-type-number elementor-field-group elementor-column elementor-field-group-field_4e659c3 elementor-col-100\">\n\t\t\t\t\t\t\t\t\t\t\t\t<label for=\"form-field-field_4e659c3\" class=\"elementor-field-label\">\n\t\t\t\t\t\t\t\tQual o n\u00famero de barracas?\t\t\t\t\t\t\t<\/label>\n\t\t\t\t\t\t\t\t\t<input type=\"number\" name=\"form_fields[field_4e659c3]\" id=\"form-field-field_4e659c3\" class=\"elementor-field elementor-size-sm  elementor-field-textual\" placeholder=\"Introduza sua resposta\" min=\"\" max=\"\" >\n\t\t\t\t\t\t<\/div>\n\t\t\t\t\t\t\t\t<div class=\"elementor-field-type-textarea elementor-field-group elementor-column elementor-field-group-shw elementor-col-100\">\n\t\t\t\t\t\t\t\t\t\t\t\t<label for=\"form-field-shw\" class=\"elementor-field-label\">\n\t\t\t\t\t\t\t\tHaver\u00e1 show no seu evento? Qual tipo de m\u00fasica?\t\t\t\t\t\t\t<\/label>\n\t\t\t\t\t\t<textarea class=\"elementor-field-textual elementor-field  elementor-size-sm\" name=\"form_fields[shw]\" id=\"form-field-shw\" rows=\"4\" placeholder=\"Introduza sua resposta\"><\/textarea>\t\t\t\t<\/div>\n\t\t\t\t\t\t\t\t<div class=\"elementor-field-type-checkbox elementor-field-group elementor-column elementor-field-group-ciente_show elementor-col-100\">\n\t\t\t\t\t\t\t\t\t\t\t\t<label for=\"form-field-ciente_show\" class=\"elementor-field-label\">\n\t\t\t\t\t\t\t\tSe houver show, o palco tem um lugar espec\u00edfico a ser montado. Este local ser\u00e1 mostrado na visita t\u00e9cnica.\t\t\t\t\t\t\t<\/label>\n\t\t\t\t\t\t<div class=\"elementor-field-subgroup  \"><span class=\"elementor-field-option\"><input type=\"checkbox\" value=\"Estou ciente\" id=\"form-field-ciente_show-0\" name=\"form_fields[ciente_show]\"> <label for=\"form-field-ciente_show-0\">Estou ciente<\/label><\/span><\/div>\t\t\t\t<\/div>\n\t\t\t\t\t\t\t\t<div class=\"elementor-field-type-textarea elementor-field-group elementor-column elementor-field-group-consideracao elementor-col-100\">\n\t\t\t\t\t\t\t\t\t\t\t\t<label for=\"form-field-consideracao\" class=\"elementor-field-label\">\n\t\t\t\t\t\t\t\tDeixe registrado alguma considera\u00e7\u00e3o ou d\u00favida sobre a loca\u00e7\u00e3o do espa\u00e7o. ( Em caso de anivers\u00e1rio no cinema deixe a idade do aniversariante)\t\t\t\t\t\t\t<\/label>\n\t\t\t\t\t\t<textarea class=\"elementor-field-textual elementor-field  elementor-size-sm\" name=\"form_fields[consideracao]\" id=\"form-field-consideracao\" rows=\"4\" placeholder=\"Introduza sua resposta\"><\/textarea>\t\t\t\t<\/div>\n\t\t\t\t\t\t\t\t<div class=\"elementor-field-type-text elementor-field-group elementor-column elementor-field-group-consideracao_evento elementor-col-100 elementor-field-required elementor-mark-required\">\n\t\t\t\t\t\t\t\t\t\t\t\t<label for=\"form-field-consideracao_evento\" class=\"elementor-field-label\">\n\t\t\t\t\t\t\t\tEm caso de evento no Cinema do Reserva, em qual arquivo se encontra o seu conte\u00fado; DCP, Power Point, outros. Podemos marcar um teste previamente?\t\t\t\t\t\t\t<\/label>\n\t\t\t\t\t\t\t\t\t\t\t\t\t\t<input size=\"1\" type=\"text\" name=\"form_fields[consideracao_evento]\" id=\"form-field-consideracao_evento\" class=\"elementor-field elementor-size-sm  elementor-field-textual\" placeholder=\"Introduza sua resposta\" required=\"required\">\n\t\t\t\t\t\t\t\t\t\t\t<\/div>\n\t\t\t\t\t\t\t\t<div class=\"elementor-field-type-checkbox elementor-field-group elementor-column elementor-field-group-field_19c857f elementor-col-100\">\n\t\t\t\t\t\t\t\t\t\t\t\t<label for=\"form-field-field_19c857f\" class=\"elementor-field-label\">\n\t\t\t\t\t\t\t\t\u00c9 obrigat\u00f3rio, em caso de feira, aluguel de um gerador, banheiros qu\u00edmicos, ambul\u00e2ncia, limpeza, seguran\u00e7a, bridaga de inc\u00eandio e ECAD em caso de show. (N\u00e3o trabalhamos com gerador, este \u00e9 colocado no espa\u00e7o pelo organizador do evento).\t\t\t\t\t\t\t<\/label>\n\t\t\t\t\t\t<div class=\"elementor-field-subgroup  \"><span class=\"elementor-field-option\"><input type=\"checkbox\" value=\"Estou ciente\" id=\"form-field-field_19c857f-0\" name=\"form_fields[field_19c857f]\"> <label for=\"form-field-field_19c857f-0\">Estou ciente<\/label><\/span><\/div>\t\t\t\t<\/div>\n\t\t\t\t\t\t\t\t<div class=\"elementor-field-type-acceptance elementor-field-group elementor-column elementor-field-group-receber_emails elementor-col-100 elementor-field-required elementor-mark-required\">\n\t\t\t\t\t\t\t<div class=\"elementor-field-subgroup\">\n\t\t\t<span class=\"elementor-field-option\">\n\t\t\t\t<input type=\"checkbox\" name=\"form_fields[receber_emails]\" id=\"form-field-receber_emails\" class=\"elementor-field elementor-size-sm  elementor-acceptance-field\" required=\"required\">\n\t\t\t\t<label for=\"form-field-receber_emails\">Quero receber e-mails informativos<\/label>\t\t\t<\/span>\n\t\t<\/div>\n\t\t\t\t\t\t<\/div>\n\t\t\t\t\t\t\t\t<div class=\"elementor-field-type-acceptance elementor-field-group elementor-column elementor-field-group-politica_de_privacidade elementor-col-100\">\n\t\t\t\t\t\t\t<div class=\"elementor-field-subgroup\">\n\t\t\t<span class=\"elementor-field-option\">\n\t\t\t\t<input type=\"checkbox\" name=\"form_fields[politica_de_privacidade]\" id=\"form-field-politica_de_privacidade\" class=\"elementor-field elementor-size-sm  elementor-acceptance-field\">\n\t\t\t\t<label for=\"form-field-politica_de_privacidade\">Concordo com a pol\u00edtica de privacidade e prote\u00e7\u00e3o de dados da Reserva Cultural.<\/label>\t\t\t<\/span>\n\t\t<\/div>\n\t\t\t\t\t\t<\/div>\n\t\t\t\t\t\t\t\t<div class=\"elementor-field-group elementor-column elementor-field-type-submit elementor-col-20 e-form__buttons\">\n\t\t\t\t\t<button class=\"elementor-button elementor-size-sm\" type=\"submit\">\n\t\t\t\t\t\t<span class=\"elementor-button-content-wrapper\">\n\t\t\t\t\t\t\t\t\t\t\t\t\t\t\t\t\t\t\t\t\t\t<span class=\"elementor-button-text\">Enviar<\/span>\n\t\t\t\t\t\t\t\t\t\t\t\t\t<\/span>\n\t\t\t\t\t<\/button>\n\t\t\t\t<\/div>\n\t\t\t<\/div>\n\t\t<\/form>\n\t\t\t\t\t\t<\/div>\n\t\t\t\t<\/div>\n\t\t\t\t<\/div>\n\t\t\t\t<\/div>\n\t\t\t\t\t<\/div>\n\t\t\t\t<\/div>\n\t\t<div class=\"elementor-element elementor-element-b798560 e-flex e-con-boxed e-con e-parent\" data-id=\"b798560\" data-element_type=\"container\" data-e-type=\"container\" data-settings=\"{&quot;background_background&quot;:&quot;classic&quot;}\">\n\t\t\t\t\t<div class=\"e-con-inner\">\n\t\t<div class=\"elementor-element elementor-element-2a3e1eb e-con-full e-flex e-con e-child\" data-id=\"2a3e1eb\" data-element_type=\"container\" data-e-type=\"container\" data-settings=\"{&quot;background_background&quot;:&quot;classic&quot;}\">\n\t\t\t\t<\/div>\n\t\t\t\t\t<\/div>\n\t\t\t\t<\/div>\n\t\t\t\t<\/div>\n\t\t","protected":false},"excerpt":{"rendered":"<p>Eventos no Reserva Traga o seu evento para o Reserva Cultural! Voc\u00ea sabia que tamb\u00e9m realizamos diferentes tipos de eventos aqui no espa\u00e7o do Reserva Cultural?O Reserva Cultural oferece o ambiente ideal para tornar seu evento inesquec\u00edvel, seja ele corporativo ou social.\u00a0 Com localiza\u00e7\u00e3o privilegiada e uma infraestrutura completa, estamos prontos para receber diversos tipos [&hellip;]<\/p>\n","protected":false},"author":1,"featured_media":0,"parent":0,"menu_order":0,"comment_status":"closed","ping_status":"closed","template":"","meta":{"_acf_changed":false,"footnotes":""},"class_list":["post-1459","page","type-page","status-publish","hentry"],"acf":[],"yoast_head":"<!-- This site is optimized with the Yoast SEO plugin v27.4 - https:\/\/yoast.com\/product\/yoast-seo-wordpress\/ -->\n<title>Eventos - Cinema Reserva Cultural<\/title>\n<meta name=\"robots\" content=\"index, follow, max-snippet:-1, max-image-preview:large, max-video-preview:-1\" \/>\n<link rel=\"canonical\" href=\"https:\/\/reservacultural.com.br\/niteroi\/eventos\/\" \/>\n<meta property=\"og:locale\" content=\"pt_BR\" \/>\n<meta property=\"og:type\" content=\"article\" \/>\n<meta property=\"og:title\" content=\"Eventos - Cinema Reserva Cultural\" \/>\n<meta property=\"og:description\" content=\"Eventos no Reserva Traga o seu evento para o Reserva Cultural! Voc\u00ea sabia que tamb\u00e9m realizamos diferentes tipos de eventos aqui no espa\u00e7o do Reserva Cultural?O Reserva Cultural oferece o ambiente ideal para tornar seu evento inesquec\u00edvel, seja ele corporativo ou social.\u00a0 Com localiza\u00e7\u00e3o privilegiada e uma infraestrutura completa, estamos prontos para receber diversos tipos [&hellip;]\" \/>\n<meta property=\"og:url\" content=\"https:\/\/reservacultural.com.br\/niteroi\/eventos\/\" \/>\n<meta property=\"og:site_name\" content=\"Cinema Reserva Cultural\" \/>\n<meta property=\"article:modified_time\" content=\"2025-04-17T15:02:10+00:00\" \/>\n<meta name=\"twitter:card\" content=\"summary_large_image\" \/>\n<meta name=\"twitter:label1\" content=\"Est. tempo de leitura\" \/>\n\t<meta name=\"twitter:data1\" content=\"4 minutos\" \/>\n<script type=\"application\/ld+json\" class=\"yoast-schema-graph\">{\"@context\":\"https:\\\/\\\/schema.org\",\"@graph\":[{\"@type\":\"WebPage\",\"@id\":\"https:\\\/\\\/reservacultural.com.br\\\/niteroi\\\/eventos\\\/\",\"url\":\"https:\\\/\\\/reservacultural.com.br\\\/niteroi\\\/eventos\\\/\",\"name\":\"Eventos - Cinema Reserva Cultural\",\"isPartOf\":{\"@id\":\"https:\\\/\\\/reservacultural.com.br\\\/niteroi\\\/#website\"},\"datePublished\":\"2024-10-03T20:02:33+00:00\",\"dateModified\":\"2025-04-17T15:02:10+00:00\",\"breadcrumb\":{\"@id\":\"https:\\\/\\\/reservacultural.com.br\\\/niteroi\\\/eventos\\\/#breadcrumb\"},\"inLanguage\":\"pt-BR\",\"potentialAction\":[{\"@type\":\"ReadAction\",\"target\":[\"https:\\\/\\\/reservacultural.com.br\\\/niteroi\\\/eventos\\\/\"]}]},{\"@type\":\"BreadcrumbList\",\"@id\":\"https:\\\/\\\/reservacultural.com.br\\\/niteroi\\\/eventos\\\/#breadcrumb\",\"itemListElement\":[{\"@type\":\"ListItem\",\"position\":1,\"name\":\"In\u00edcio\",\"item\":\"https:\\\/\\\/reservacultural.com.br\\\/niteroi\\\/\"},{\"@type\":\"ListItem\",\"position\":2,\"name\":\"Eventos\"}]},{\"@type\":\"WebSite\",\"@id\":\"https:\\\/\\\/reservacultural.com.br\\\/niteroi\\\/#website\",\"url\":\"https:\\\/\\\/reservacultural.com.br\\\/niteroi\\\/\",\"name\":\"Cinema Reserva Cultural\",\"description\":\"Filmes, gastronomia e Eventos\",\"publisher\":{\"@id\":\"https:\\\/\\\/reservacultural.com.br\\\/niteroi\\\/#organization\"},\"potentialAction\":[{\"@type\":\"SearchAction\",\"target\":{\"@type\":\"EntryPoint\",\"urlTemplate\":\"https:\\\/\\\/reservacultural.com.br\\\/niteroi\\\/?s={search_term_string}\"},\"query-input\":{\"@type\":\"PropertyValueSpecification\",\"valueRequired\":true,\"valueName\":\"search_term_string\"}}],\"inLanguage\":\"pt-BR\"},{\"@type\":\"Organization\",\"@id\":\"https:\\\/\\\/reservacultural.com.br\\\/niteroi\\\/#organization\",\"name\":\"Cinema Reserva Cultural\",\"url\":\"https:\\\/\\\/reservacultural.com.br\\\/niteroi\\\/\",\"logo\":{\"@type\":\"ImageObject\",\"inLanguage\":\"pt-BR\",\"@id\":\"https:\\\/\\\/reservacultural.com.br\\\/niteroi\\\/#\\\/schema\\\/logo\\\/image\\\/\",\"url\":\"https:\\\/\\\/reservacultural.com.br\\\/niteroi_\\\/wp-content\\\/uploads\\\/2024\\\/07\\\/Captura-de-Tela-2024-04-18-as-14.07-1.jpg\",\"contentUrl\":\"https:\\\/\\\/reservacultural.com.br\\\/niteroi_\\\/wp-content\\\/uploads\\\/2024\\\/07\\\/Captura-de-Tela-2024-04-18-as-14.07-1.jpg\",\"width\":274,\"height\":96,\"caption\":\"Cinema Reserva Cultural\"},\"image\":{\"@id\":\"https:\\\/\\\/reservacultural.com.br\\\/niteroi\\\/#\\\/schema\\\/logo\\\/image\\\/\"}}]}<\/script>\n<!-- \/ Yoast SEO plugin. -->","yoast_head_json":{"title":"Eventos - Cinema Reserva Cultural","robots":{"index":"index","follow":"follow","max-snippet":"max-snippet:-1","max-image-preview":"max-image-preview:large","max-video-preview":"max-video-preview:-1"},"canonical":"https:\/\/reservacultural.com.br\/niteroi\/eventos\/","og_locale":"pt_BR","og_type":"article","og_title":"Eventos - Cinema Reserva Cultural","og_description":"Eventos no Reserva Traga o seu evento para o Reserva Cultural! Voc\u00ea sabia que tamb\u00e9m realizamos diferentes tipos de eventos aqui no espa\u00e7o do Reserva Cultural?O Reserva Cultural oferece o ambiente ideal para tornar seu evento inesquec\u00edvel, seja ele corporativo ou social.\u00a0 Com localiza\u00e7\u00e3o privilegiada e uma infraestrutura completa, estamos prontos para receber diversos tipos [&hellip;]","og_url":"https:\/\/reservacultural.com.br\/niteroi\/eventos\/","og_site_name":"Cinema Reserva Cultural","article_modified_time":"2025-04-17T15:02:10+00:00","twitter_card":"summary_large_image","twitter_misc":{"Est. tempo de leitura":"4 minutos"},"schema":{"@context":"https:\/\/schema.org","@graph":[{"@type":"WebPage","@id":"https:\/\/reservacultural.com.br\/niteroi\/eventos\/","url":"https:\/\/reservacultural.com.br\/niteroi\/eventos\/","name":"Eventos - Cinema Reserva Cultural","isPartOf":{"@id":"https:\/\/reservacultural.com.br\/niteroi\/#website"},"datePublished":"2024-10-03T20:02:33+00:00","dateModified":"2025-04-17T15:02:10+00:00","breadcrumb":{"@id":"https:\/\/reservacultural.com.br\/niteroi\/eventos\/#breadcrumb"},"inLanguage":"pt-BR","potentialAction":[{"@type":"ReadAction","target":["https:\/\/reservacultural.com.br\/niteroi\/eventos\/"]}]},{"@type":"BreadcrumbList","@id":"https:\/\/reservacultural.com.br\/niteroi\/eventos\/#breadcrumb","itemListElement":[{"@type":"ListItem","position":1,"name":"In\u00edcio","item":"https:\/\/reservacultural.com.br\/niteroi\/"},{"@type":"ListItem","position":2,"name":"Eventos"}]},{"@type":"WebSite","@id":"https:\/\/reservacultural.com.br\/niteroi\/#website","url":"https:\/\/reservacultural.com.br\/niteroi\/","name":"Cinema Reserva Cultural","description":"Filmes, gastronomia e Eventos","publisher":{"@id":"https:\/\/reservacultural.com.br\/niteroi\/#organization"},"potentialAction":[{"@type":"SearchAction","target":{"@type":"EntryPoint","urlTemplate":"https:\/\/reservacultural.com.br\/niteroi\/?s={search_term_string}"},"query-input":{"@type":"PropertyValueSpecification","valueRequired":true,"valueName":"search_term_string"}}],"inLanguage":"pt-BR"},{"@type":"Organization","@id":"https:\/\/reservacultural.com.br\/niteroi\/#organization","name":"Cinema Reserva Cultural","url":"https:\/\/reservacultural.com.br\/niteroi\/","logo":{"@type":"ImageObject","inLanguage":"pt-BR","@id":"https:\/\/reservacultural.com.br\/niteroi\/#\/schema\/logo\/image\/","url":"https:\/\/reservacultural.com.br\/niteroi_\/wp-content\/uploads\/2024\/07\/Captura-de-Tela-2024-04-18-as-14.07-1.jpg","contentUrl":"https:\/\/reservacultural.com.br\/niteroi_\/wp-content\/uploads\/2024\/07\/Captura-de-Tela-2024-04-18-as-14.07-1.jpg","width":274,"height":96,"caption":"Cinema Reserva Cultural"},"image":{"@id":"https:\/\/reservacultural.com.br\/niteroi\/#\/schema\/logo\/image\/"}}]}},"_links":{"self":[{"href":"https:\/\/reservacultural.com.br\/niteroi\/wp-json\/wp\/v2\/pages\/1459","targetHints":{"allow":["GET"]}}],"collection":[{"href":"https:\/\/reservacultural.com.br\/niteroi\/wp-json\/wp\/v2\/pages"}],"about":[{"href":"https:\/\/reservacultural.com.br\/niteroi\/wp-json\/wp\/v2\/types\/page"}],"author":[{"embeddable":true,"href":"https:\/\/reservacultural.com.br\/niteroi\/wp-json\/wp\/v2\/users\/1"}],"replies":[{"embeddable":true,"href":"https:\/\/reservacultural.com.br\/niteroi\/wp-json\/wp\/v2\/comments?post=1459"}],"version-history":[{"count":0,"href":"https:\/\/reservacultural.com.br\/niteroi\/wp-json\/wp\/v2\/pages\/1459\/revisions"}],"wp:attachment":[{"href":"https:\/\/reservacultural.com.br\/niteroi\/wp-json\/wp\/v2\/media?parent=1459"}],"curies":[{"name":"wp","href":"https:\/\/api.w.org\/{rel}","templated":true}]}}