{"id":1057,"date":"2024-09-17T12:17:37","date_gmt":"2024-09-17T15:17:37","guid":{"rendered":"https:\/\/reservacultural.com.br\/niteroi_\/?page_id=1057"},"modified":"2025-02-20T12:09:05","modified_gmt":"2025-02-20T15:09:05","slug":"fale-conosco","status":"publish","type":"page","link":"https:\/\/reservacultural.com.br\/niteroi\/fale-conosco\/","title":{"rendered":"Fale Conosco"},"content":{"rendered":"\t\t<div data-elementor-type=\"wp-page\" data-elementor-id=\"1057\" class=\"elementor elementor-1057\" data-elementor-post-type=\"page\">\n\t\t\t\t<div class=\"elementor-element elementor-element-4007b25 e-con-full e-flex e-con e-parent\" data-id=\"4007b25\" data-element_type=\"container\" data-e-type=\"container\">\n\t\t\t\t<div class=\"elementor-element elementor-element-d17e0a7 elementor-widget elementor-widget-html\" data-id=\"d17e0a7\" data-element_type=\"widget\" data-e-type=\"widget\" data-widget_type=\"html.default\">\n\t\t\t\t<div class=\"elementor-widget-container\">\n\t\t\t\t\t<iframe src=\"https:\/\/www.google.com\/maps\/embed?pb=!1m18!1m12!1m3!1d3675.405275030728!2d-43.13345852429364!3d-22.89841793757276!2m3!1f0!2f0!3f0!3m2!1i1024!2i768!4f13.1!3m3!1m2!1s0x9983d6abe9f699%3A0xcd4a9320d7db2c1b!2sAv.%20Visconde%20do%20Rio%20Branco%2C%20880%20-%20Centro%2C%20Niter%C3%B3i%20-%20RJ%2C%2024020-007!5e0!3m2!1spt-BR!2sbr!4v1739541386767!5m2!1spt-BR!2sbr\" width=\"600\" height=\"450\" style=\"border:0;\" allowfullscreen=\"\" loading=\"lazy\" referrerpolicy=\"no-referrer-when-downgrade\" title=\"Mapa do Reserva Cultural Niter\u00f3i\"><\/iframe>\t\t\t\t<\/div>\n\t\t\t\t<\/div>\n\t\t\t\t<\/div>\n\t\t<div class=\"elementor-element elementor-element-8f11e78 e-flex e-con-boxed e-con e-parent\" data-id=\"8f11e78\" data-element_type=\"container\" data-e-type=\"container\" data-settings=\"{&quot;background_background&quot;:&quot;classic&quot;}\">\n\t\t\t\t\t<div class=\"e-con-inner\">\n\t\t<div class=\"elementor-element elementor-element-5046b7d e-con-full e-flex e-con e-child\" data-id=\"5046b7d\" data-element_type=\"container\" data-e-type=\"container\">\n\t\t<div class=\"elementor-element elementor-element-046abf3 e-con-full e-flex e-con e-child\" data-id=\"046abf3\" data-element_type=\"container\" data-e-type=\"container\" data-settings=\"{&quot;background_background&quot;:&quot;classic&quot;}\">\n\t\t<div class=\"elementor-element elementor-element-977d916 e-con-full e-flex e-con e-child\" data-id=\"977d916\" data-element_type=\"container\" data-e-type=\"container\">\n\t\t\t\t<div class=\"elementor-element elementor-element-780cac2 elementor-widget elementor-widget-menu-anchor\" data-id=\"780cac2\" data-element_type=\"widget\" data-e-type=\"widget\" data-widget_type=\"menu-anchor.default\">\n\t\t\t\t<div class=\"elementor-widget-container\">\n\t\t\t\t\t\t\t<div class=\"elementor-menu-anchor\" id=\"conteudo\"><\/div>\n\t\t\t\t\t\t<\/div>\n\t\t\t\t<\/div>\n\t\t\t\t<div class=\"elementor-element elementor-element-1748c91d elementor-widget elementor-widget-heading\" data-id=\"1748c91d\" data-element_type=\"widget\" data-e-type=\"widget\" data-widget_type=\"heading.default\">\n\t\t\t\t<div class=\"elementor-widget-container\">\n\t\t\t\t\t<h2 class=\"elementor-heading-title elementor-size-default\">Fale com a nossa equipe<\/h2>\t\t\t\t<\/div>\n\t\t\t\t<\/div>\n\t\t\t\t<div class=\"elementor-element elementor-element-77707050 elementor-widget elementor-widget-text-editor\" data-id=\"77707050\" data-element_type=\"widget\" data-e-type=\"widget\" data-widget_type=\"text-editor.default\">\n\t\t\t\t<div class=\"elementor-widget-container\">\n\t\t\t\t\t\t\t\t\t<p>O Reserva Cultural possui uma equipe preparada para te atender. Preencha o formul\u00e1rio ao lado e aguarde que em breve entraremos em contato!<\/p>\t\t\t\t\t\t\t\t<\/div>\n\t\t\t\t<\/div>\n\t\t\t\t<div class=\"elementor-element elementor-element-7f40a55 elementor-widget elementor-widget-heading\" data-id=\"7f40a55\" data-element_type=\"widget\" data-e-type=\"widget\" data-widget_type=\"heading.default\">\n\t\t\t\t<div class=\"elementor-widget-container\">\n\t\t\t\t\t<h3 class=\"elementor-heading-title elementor-size-default\">Endere\u00e7o\n<\/h3>\t\t\t\t<\/div>\n\t\t\t\t<\/div>\n\t\t\t\t<div class=\"elementor-element elementor-element-21132d6 elementor-widget elementor-widget-text-editor\" data-id=\"21132d6\" data-element_type=\"widget\" data-e-type=\"widget\" data-widget_type=\"text-editor.default\">\n\t\t\t\t<div class=\"elementor-widget-container\">\n\t\t\t\t\t\t\t\t\t<ul><li>Av. Visconde do Rio Branco, 880<br \/>CEP 24020-007<br \/>Bairro S\u00e3o Domingos<br \/>Niter\u00f3i\/RJ<\/li><\/ul>\t\t\t\t\t\t\t\t<\/div>\n\t\t\t\t<\/div>\n\t\t\t\t<div class=\"elementor-element elementor-element-76f26c0 elementor-widget elementor-widget-heading\" data-id=\"76f26c0\" data-element_type=\"widget\" data-e-type=\"widget\" data-widget_type=\"heading.default\">\n\t\t\t\t<div class=\"elementor-widget-container\">\n\t\t\t\t\t<h3 class=\"elementor-heading-title elementor-size-default\">Estacionamento conveniado<\/h3>\t\t\t\t<\/div>\n\t\t\t\t<\/div>\n\t\t\t\t<div class=\"elementor-element elementor-element-3afba5a elementor-widget elementor-widget-text-editor\" data-id=\"3afba5a\" data-element_type=\"widget\" data-e-type=\"widget\" data-widget_type=\"text-editor.default\">\n\t\t\t\t<div class=\"elementor-widget-container\">\n\t\t\t\t\t\t\t\t\t<ul><li>Tempo de cortesia: 10 minutos<\/li><li>At\u00e9 3 horas: R$20<\/li><li>At\u00e9 3 horas e 30 minutos: R$25<\/li><li>Demais fra\u00e7\u00f5es ou 30 minutos + R$5,<br \/>At\u00e9 12 horas: R$35<br \/>At\u00e9 24 horas: R$ 70<\/li><\/ul>\t\t\t\t\t\t\t\t<\/div>\n\t\t\t\t<\/div>\n\t\t\t\t<div class=\"elementor-element elementor-element-76d5633 elementor-widget elementor-widget-heading\" data-id=\"76d5633\" data-element_type=\"widget\" data-e-type=\"widget\" data-widget_type=\"heading.default\">\n\t\t\t\t<div class=\"elementor-widget-container\">\n\t\t\t\t\t<h3 class=\"elementor-heading-title elementor-size-default\">E-mail<\/h3>\t\t\t\t<\/div>\n\t\t\t\t<\/div>\n\t\t\t\t<div class=\"elementor-element elementor-element-4425a60 elementor-widget elementor-widget-text-editor\" data-id=\"4425a60\" data-element_type=\"widget\" data-e-type=\"widget\" data-widget_type=\"text-editor.default\">\n\t\t\t\t<div class=\"elementor-widget-container\">\n\t\t\t\t\t\t\t\t\t<ul><li><span style=\"color: #030000;\"><a style=\"color: #030000;\" href=\"mailto:contato@reservacultural.com.br\" target=\"_blank\" rel=\"noopener\">contato@reservacultural.com.br<\/a><\/span><\/li><\/ul>\t\t\t\t\t\t\t\t<\/div>\n\t\t\t\t<\/div>\n\t\t\t\t<\/div>\n\t\t<div class=\"elementor-element elementor-element-4aab71d e-con-full e-flex e-con e-child\" data-id=\"4aab71d\" data-element_type=\"container\" data-e-type=\"container\">\n\t\t<div class=\"elementor-element elementor-element-1e5fa99e e-con-full e-flex e-con e-child\" data-id=\"1e5fa99e\" data-element_type=\"container\" data-e-type=\"container\" data-settings=\"{&quot;background_background&quot;:&quot;classic&quot;}\">\n\t\t\t\t<div class=\"elementor-element elementor-element-26520bff elementor-button-align-stretch elementor-widget elementor-widget-form\" data-id=\"26520bff\" data-element_type=\"widget\" data-e-type=\"widget\" data-settings=\"{&quot;step_next_label&quot;:&quot;Pr\\u00f3ximo&quot;,&quot;step_previous_label&quot;:&quot;Anterior&quot;,&quot;button_width&quot;:&quot;100&quot;,&quot;step_type&quot;:&quot;number_text&quot;,&quot;step_icon_shape&quot;:&quot;circle&quot;}\" data-widget_type=\"form.default\">\n\t\t\t\t<div class=\"elementor-widget-container\">\n\t\t\t\t\t\t\t<form class=\"elementor-form\" method=\"post\" name=\"Formul\u00e1rio Fale Conosco\" aria-label=\"Formul\u00e1rio Fale Conosco\" novalidate=\"\">\n\t\t\t<input type=\"hidden\" name=\"post_id\" value=\"1057\"\/>\n\t\t\t<input type=\"hidden\" name=\"form_id\" value=\"26520bff\"\/>\n\t\t\t<input type=\"hidden\" name=\"referer_title\" value=\"Fale Conosco - Cinema Reserva Cultural\" \/>\n\n\t\t\t\t\t\t\t<input type=\"hidden\" name=\"queried_id\" value=\"1057\"\/>\n\t\t\t\n\t\t\t<div class=\"elementor-form-fields-wrapper elementor-labels-above\">\n\t\t\t\t\t\t\t\t<div class=\"elementor-field-type-text elementor-field-group elementor-column elementor-field-group-nome elementor-col-100 elementor-field-required elementor-mark-required\">\n\t\t\t\t\t\t\t\t\t\t\t\t<label for=\"form-field-nome\" class=\"elementor-field-label\">\n\t\t\t\t\t\t\t\tNome\t\t\t\t\t\t\t<\/label>\n\t\t\t\t\t\t\t\t\t\t\t\t\t\t<input size=\"1\" type=\"text\" name=\"form_fields[nome]\" id=\"form-field-nome\" class=\"elementor-field elementor-size-sm  elementor-field-textual\" placeholder=\"Nome\" required=\"required\">\n\t\t\t\t\t\t\t\t\t\t\t<\/div>\n\t\t\t\t\t\t\t\t<div class=\"elementor-field-type-email elementor-field-group elementor-column elementor-field-group-email elementor-col-100 elementor-field-required elementor-mark-required\">\n\t\t\t\t\t\t\t\t\t\t\t\t<label for=\"form-field-email\" class=\"elementor-field-label\">\n\t\t\t\t\t\t\t\tE-mail\t\t\t\t\t\t\t<\/label>\n\t\t\t\t\t\t\t\t\t\t\t\t\t\t<input size=\"1\" type=\"email\" name=\"form_fields[email]\" id=\"form-field-email\" class=\"elementor-field elementor-size-sm  elementor-field-textual\" placeholder=\"E-mail\" required=\"required\">\n\t\t\t\t\t\t\t\t\t\t\t<\/div>\n\t\t\t\t\t\t\t\t<div class=\"elementor-field-type-tel elementor-field-group elementor-column elementor-field-group-telefone elementor-col-100 elementor-field-required elementor-mark-required\">\n\t\t\t\t\t\t\t\t\t\t\t\t<label for=\"form-field-telefone\" class=\"elementor-field-label\">\n\t\t\t\t\t\t\t\tTelefone\t\t\t\t\t\t\t<\/label>\n\t\t\t\t\t\t\t\t<input size=\"1\" type=\"tel\" name=\"form_fields[telefone]\" id=\"form-field-telefone\" class=\"elementor-field elementor-size-sm  elementor-field-textual\" placeholder=\"Telefone\" required=\"required\" pattern=\"[0-9()#&amp;+*-=.]+\" title=\"Apenas n\u00fameros e caracteres de telefone (#, -, *, etc.) s\u00e3o aceitos.\">\n\n\t\t\t\t\t\t<\/div>\n\t\t\t\t\t\t\t\t<div class=\"elementor-field-type-textarea elementor-field-group elementor-column elementor-field-group-mensagem elementor-col-100 elementor-field-required elementor-mark-required\">\n\t\t\t\t\t\t\t\t\t\t\t\t<label for=\"form-field-mensagem\" class=\"elementor-field-label\">\n\t\t\t\t\t\t\t\tMensagem\t\t\t\t\t\t\t<\/label>\n\t\t\t\t\t\t<textarea class=\"elementor-field-textual elementor-field  elementor-size-sm\" name=\"form_fields[mensagem]\" id=\"form-field-mensagem\" rows=\"4\" placeholder=\"Mensagem\" required=\"required\"><\/textarea>\t\t\t\t<\/div>\n\t\t\t\t\t\t\t\t<div class=\"elementor-field-type-acceptance elementor-field-group elementor-column elementor-field-group-receber_emails elementor-col-100\">\n\t\t\t\t\t\t\t<div class=\"elementor-field-subgroup\">\n\t\t\t<span class=\"elementor-field-option\">\n\t\t\t\t<input type=\"checkbox\" name=\"form_fields[receber_emails]\" id=\"form-field-receber_emails\" class=\"elementor-field elementor-size-sm  elementor-acceptance-field\">\n\t\t\t\t<label for=\"form-field-receber_emails\">Quero receber e-mails informativos<\/label>\t\t\t<\/span>\n\t\t<\/div>\n\t\t\t\t\t\t<\/div>\n\t\t\t\t\t\t\t\t<div class=\"elementor-field-type-acceptance elementor-field-group elementor-column elementor-field-group-politica_de_privacidade elementor-col-100\">\n\t\t\t\t\t\t\t<div class=\"elementor-field-subgroup\">\n\t\t\t<span class=\"elementor-field-option\">\n\t\t\t\t<input type=\"checkbox\" name=\"form_fields[politica_de_privacidade]\" id=\"form-field-politica_de_privacidade\" class=\"elementor-field elementor-size-sm  elementor-acceptance-field\">\n\t\t\t\t<label for=\"form-field-politica_de_privacidade\">Concordo com a pol\u00edtica de privacidade e prote\u00e7\u00e3o de dados da Reserva Cultural<\/label>\t\t\t<\/span>\n\t\t<\/div>\n\t\t\t\t\t\t<\/div>\n\t\t\t\t\t\t\t\t<div class=\"elementor-field-group elementor-column elementor-field-type-submit elementor-col-100 e-form__buttons\">\n\t\t\t\t\t<button class=\"elementor-button elementor-size-sm\" type=\"submit\">\n\t\t\t\t\t\t<span class=\"elementor-button-content-wrapper\">\n\t\t\t\t\t\t\t\t\t\t\t\t\t\t\t\t\t\t\t\t\t\t<span class=\"elementor-button-text\">Enviar<\/span>\n\t\t\t\t\t\t\t\t\t\t\t\t\t<\/span>\n\t\t\t\t\t<\/button>\n\t\t\t\t<\/div>\n\t\t\t<\/div>\n\t\t<\/form>\n\t\t\t\t\t\t<\/div>\n\t\t\t\t<\/div>\n\t\t\t\t<\/div>\n\t\t\t\t<\/div>\n\t\t\t\t<\/div>\n\t\t\t\t<\/div>\n\t\t\t\t\t<\/div>\n\t\t\t\t<\/div>\n\t\t<div class=\"elementor-element elementor-element-26046ef e-flex e-con-boxed e-con e-parent\" data-id=\"26046ef\" data-element_type=\"container\" data-e-type=\"container\" data-settings=\"{&quot;background_background&quot;:&quot;classic&quot;}\">\n\t\t\t\t\t<div class=\"e-con-inner\">\n\t\t<div class=\"elementor-element elementor-element-9ca5d48 e-con-full e-flex e-con e-child\" data-id=\"9ca5d48\" data-element_type=\"container\" data-e-type=\"container\" data-settings=\"{&quot;background_background&quot;:&quot;classic&quot;}\">\n\t\t\t\t<\/div>\n\t\t\t\t\t<\/div>\n\t\t\t\t<\/div>\n\t\t\t\t<\/div>\n\t\t","protected":false},"excerpt":{"rendered":"<p>Fale com a nossa equipe O Reserva Cultural possui uma equipe preparada para te atender. Preencha o formul\u00e1rio ao lado e aguarde que em breve entraremos em contato! Endere\u00e7o Av. Visconde do Rio Branco, 880CEP 24020-007Bairro S\u00e3o DomingosNiter\u00f3i\/RJ Estacionamento conveniado Tempo de cortesia: 10 minutos At\u00e9 3 horas: R$20 At\u00e9 3 horas e 30 minutos: [&hellip;]<\/p>\n","protected":false},"author":1,"featured_media":0,"parent":0,"menu_order":0,"comment_status":"closed","ping_status":"closed","template":"","meta":{"_acf_changed":false,"footnotes":""},"class_list":["post-1057","page","type-page","status-publish","hentry"],"acf":[],"yoast_head":"<!-- This site is optimized with the Yoast SEO plugin v27.4 - https:\/\/yoast.com\/product\/yoast-seo-wordpress\/ -->\n<title>Fale Conosco - Cinema Reserva Cultural<\/title>\n<meta name=\"robots\" content=\"index, follow, max-snippet:-1, max-image-preview:large, max-video-preview:-1\" \/>\n<link rel=\"canonical\" href=\"https:\/\/reservacultural.com.br\/niteroi\/fale-conosco\/\" \/>\n<meta property=\"og:locale\" content=\"pt_BR\" \/>\n<meta property=\"og:type\" content=\"article\" \/>\n<meta property=\"og:title\" content=\"Fale Conosco - Cinema Reserva Cultural\" \/>\n<meta property=\"og:description\" content=\"Fale com a nossa equipe O Reserva Cultural possui uma equipe preparada para te atender. Preencha o formul\u00e1rio ao lado e aguarde que em breve entraremos em contato! Endere\u00e7o Av. Visconde do Rio Branco, 880CEP 24020-007Bairro S\u00e3o DomingosNiter\u00f3i\/RJ Estacionamento conveniado Tempo de cortesia: 10 minutos At\u00e9 3 horas: R$20 At\u00e9 3 horas e 30 minutos: [&hellip;]\" \/>\n<meta property=\"og:url\" content=\"https:\/\/reservacultural.com.br\/niteroi\/fale-conosco\/\" \/>\n<meta property=\"og:site_name\" content=\"Cinema Reserva Cultural\" \/>\n<meta property=\"article:modified_time\" content=\"2025-02-20T15:09:05+00:00\" \/>\n<meta name=\"twitter:card\" content=\"summary_large_image\" \/>\n<meta name=\"twitter:label1\" content=\"Est. tempo de leitura\" \/>\n\t<meta name=\"twitter:data1\" content=\"1 minuto\" \/>\n<script type=\"application\/ld+json\" class=\"yoast-schema-graph\">{\"@context\":\"https:\\\/\\\/schema.org\",\"@graph\":[{\"@type\":\"WebPage\",\"@id\":\"https:\\\/\\\/reservacultural.com.br\\\/niteroi\\\/fale-conosco\\\/\",\"url\":\"https:\\\/\\\/reservacultural.com.br\\\/niteroi\\\/fale-conosco\\\/\",\"name\":\"Fale Conosco - Cinema Reserva Cultural\",\"isPartOf\":{\"@id\":\"https:\\\/\\\/reservacultural.com.br\\\/niteroi\\\/#website\"},\"datePublished\":\"2024-09-17T15:17:37+00:00\",\"dateModified\":\"2025-02-20T15:09:05+00:00\",\"breadcrumb\":{\"@id\":\"https:\\\/\\\/reservacultural.com.br\\\/niteroi\\\/fale-conosco\\\/#breadcrumb\"},\"inLanguage\":\"pt-BR\",\"potentialAction\":[{\"@type\":\"ReadAction\",\"target\":[\"https:\\\/\\\/reservacultural.com.br\\\/niteroi\\\/fale-conosco\\\/\"]}]},{\"@type\":\"BreadcrumbList\",\"@id\":\"https:\\\/\\\/reservacultural.com.br\\\/niteroi\\\/fale-conosco\\\/#breadcrumb\",\"itemListElement\":[{\"@type\":\"ListItem\",\"position\":1,\"name\":\"In\u00edcio\",\"item\":\"https:\\\/\\\/reservacultural.com.br\\\/niteroi\\\/\"},{\"@type\":\"ListItem\",\"position\":2,\"name\":\"Fale Conosco\"}]},{\"@type\":\"WebSite\",\"@id\":\"https:\\\/\\\/reservacultural.com.br\\\/niteroi\\\/#website\",\"url\":\"https:\\\/\\\/reservacultural.com.br\\\/niteroi\\\/\",\"name\":\"Cinema Reserva Cultural\",\"description\":\"Filmes, gastronomia e Eventos\",\"publisher\":{\"@id\":\"https:\\\/\\\/reservacultural.com.br\\\/niteroi\\\/#organization\"},\"potentialAction\":[{\"@type\":\"SearchAction\",\"target\":{\"@type\":\"EntryPoint\",\"urlTemplate\":\"https:\\\/\\\/reservacultural.com.br\\\/niteroi\\\/?s={search_term_string}\"},\"query-input\":{\"@type\":\"PropertyValueSpecification\",\"valueRequired\":true,\"valueName\":\"search_term_string\"}}],\"inLanguage\":\"pt-BR\"},{\"@type\":\"Organization\",\"@id\":\"https:\\\/\\\/reservacultural.com.br\\\/niteroi\\\/#organization\",\"name\":\"Cinema Reserva Cultural\",\"url\":\"https:\\\/\\\/reservacultural.com.br\\\/niteroi\\\/\",\"logo\":{\"@type\":\"ImageObject\",\"inLanguage\":\"pt-BR\",\"@id\":\"https:\\\/\\\/reservacultural.com.br\\\/niteroi\\\/#\\\/schema\\\/logo\\\/image\\\/\",\"url\":\"https:\\\/\\\/reservacultural.com.br\\\/niteroi_\\\/wp-content\\\/uploads\\\/2024\\\/07\\\/Captura-de-Tela-2024-04-18-as-14.07-1.jpg\",\"contentUrl\":\"https:\\\/\\\/reservacultural.com.br\\\/niteroi_\\\/wp-content\\\/uploads\\\/2024\\\/07\\\/Captura-de-Tela-2024-04-18-as-14.07-1.jpg\",\"width\":274,\"height\":96,\"caption\":\"Cinema Reserva Cultural\"},\"image\":{\"@id\":\"https:\\\/\\\/reservacultural.com.br\\\/niteroi\\\/#\\\/schema\\\/logo\\\/image\\\/\"}}]}<\/script>\n<!-- \/ Yoast SEO plugin. -->","yoast_head_json":{"title":"Fale Conosco - Cinema Reserva Cultural","robots":{"index":"index","follow":"follow","max-snippet":"max-snippet:-1","max-image-preview":"max-image-preview:large","max-video-preview":"max-video-preview:-1"},"canonical":"https:\/\/reservacultural.com.br\/niteroi\/fale-conosco\/","og_locale":"pt_BR","og_type":"article","og_title":"Fale Conosco - Cinema Reserva Cultural","og_description":"Fale com a nossa equipe O Reserva Cultural possui uma equipe preparada para te atender. Preencha o formul\u00e1rio ao lado e aguarde que em breve entraremos em contato! Endere\u00e7o Av. Visconde do Rio Branco, 880CEP 24020-007Bairro S\u00e3o DomingosNiter\u00f3i\/RJ Estacionamento conveniado Tempo de cortesia: 10 minutos At\u00e9 3 horas: R$20 At\u00e9 3 horas e 30 minutos: [&hellip;]","og_url":"https:\/\/reservacultural.com.br\/niteroi\/fale-conosco\/","og_site_name":"Cinema Reserva Cultural","article_modified_time":"2025-02-20T15:09:05+00:00","twitter_card":"summary_large_image","twitter_misc":{"Est. tempo de leitura":"1 minuto"},"schema":{"@context":"https:\/\/schema.org","@graph":[{"@type":"WebPage","@id":"https:\/\/reservacultural.com.br\/niteroi\/fale-conosco\/","url":"https:\/\/reservacultural.com.br\/niteroi\/fale-conosco\/","name":"Fale Conosco - Cinema Reserva Cultural","isPartOf":{"@id":"https:\/\/reservacultural.com.br\/niteroi\/#website"},"datePublished":"2024-09-17T15:17:37+00:00","dateModified":"2025-02-20T15:09:05+00:00","breadcrumb":{"@id":"https:\/\/reservacultural.com.br\/niteroi\/fale-conosco\/#breadcrumb"},"inLanguage":"pt-BR","potentialAction":[{"@type":"ReadAction","target":["https:\/\/reservacultural.com.br\/niteroi\/fale-conosco\/"]}]},{"@type":"BreadcrumbList","@id":"https:\/\/reservacultural.com.br\/niteroi\/fale-conosco\/#breadcrumb","itemListElement":[{"@type":"ListItem","position":1,"name":"In\u00edcio","item":"https:\/\/reservacultural.com.br\/niteroi\/"},{"@type":"ListItem","position":2,"name":"Fale Conosco"}]},{"@type":"WebSite","@id":"https:\/\/reservacultural.com.br\/niteroi\/#website","url":"https:\/\/reservacultural.com.br\/niteroi\/","name":"Cinema Reserva Cultural","description":"Filmes, gastronomia e Eventos","publisher":{"@id":"https:\/\/reservacultural.com.br\/niteroi\/#organization"},"potentialAction":[{"@type":"SearchAction","target":{"@type":"EntryPoint","urlTemplate":"https:\/\/reservacultural.com.br\/niteroi\/?s={search_term_string}"},"query-input":{"@type":"PropertyValueSpecification","valueRequired":true,"valueName":"search_term_string"}}],"inLanguage":"pt-BR"},{"@type":"Organization","@id":"https:\/\/reservacultural.com.br\/niteroi\/#organization","name":"Cinema Reserva Cultural","url":"https:\/\/reservacultural.com.br\/niteroi\/","logo":{"@type":"ImageObject","inLanguage":"pt-BR","@id":"https:\/\/reservacultural.com.br\/niteroi\/#\/schema\/logo\/image\/","url":"https:\/\/reservacultural.com.br\/niteroi_\/wp-content\/uploads\/2024\/07\/Captura-de-Tela-2024-04-18-as-14.07-1.jpg","contentUrl":"https:\/\/reservacultural.com.br\/niteroi_\/wp-content\/uploads\/2024\/07\/Captura-de-Tela-2024-04-18-as-14.07-1.jpg","width":274,"height":96,"caption":"Cinema Reserva Cultural"},"image":{"@id":"https:\/\/reservacultural.com.br\/niteroi\/#\/schema\/logo\/image\/"}}]}},"_links":{"self":[{"href":"https:\/\/reservacultural.com.br\/niteroi\/wp-json\/wp\/v2\/pages\/1057","targetHints":{"allow":["GET"]}}],"collection":[{"href":"https:\/\/reservacultural.com.br\/niteroi\/wp-json\/wp\/v2\/pages"}],"about":[{"href":"https:\/\/reservacultural.com.br\/niteroi\/wp-json\/wp\/v2\/types\/page"}],"author":[{"embeddable":true,"href":"https:\/\/reservacultural.com.br\/niteroi\/wp-json\/wp\/v2\/users\/1"}],"replies":[{"embeddable":true,"href":"https:\/\/reservacultural.com.br\/niteroi\/wp-json\/wp\/v2\/comments?post=1057"}],"version-history":[{"count":0,"href":"https:\/\/reservacultural.com.br\/niteroi\/wp-json\/wp\/v2\/pages\/1057\/revisions"}],"wp:attachment":[{"href":"https:\/\/reservacultural.com.br\/niteroi\/wp-json\/wp\/v2\/media?parent=1057"}],"curies":[{"name":"wp","href":"https:\/\/api.w.org\/{rel}","templated":true}]}}